{"id":5003,"date":"2023-12-06T14:38:53","date_gmt":"2023-12-06T13:38:53","guid":{"rendered":"https:\/\/www.lacroixdusud.fr\/locations\/mobil-home-riviera-tropical\/"},"modified":"2026-03-26T09:22:07","modified_gmt":"2026-03-26T08:22:07","slug":"mobil-home-riviera-tropical","status":"publish","type":"locations","link":"https:\/\/www.lacroixdusud.fr\/de\/locations\/mobil-home-riviera-tropical\/","title":{"rendered":"Mobil Home Riviera"},"content":{"rendered":"\n<section class=\"wp-container-69f34ed1df481 wp-block-group a-00-a\"><div class=\"wp-block-group__inner-container\">\n<div class=\"wp-block-cover alignfull\"><span aria-hidden=\"true\" class=\"has-bleu-background-color has-background-dim-0 wp-block-cover__gradient-background has-background-dim\"><\/span><img loading=\"lazy\" width=\"2000\" height=\"1331\" class=\"wp-block-cover__image-background wp-image-1902\" alt=\"\" src=\"https:\/\/www.lacroixdusud.fr\/wp-content\/uploads\/2022\/09\/terrasse-2-riviera-tropical.jpg\" style=\"object-position:56% 39%\" data-object-fit=\"cover\" data-object-position=\"56% 39%\" srcset=\"https:\/\/www.lacroixdusud.fr\/wp-content\/uploads\/2022\/09\/terrasse-2-riviera-tropical.jpg 2000w, https:\/\/www.lacroixdusud.fr\/wp-content\/uploads\/2022\/09\/terrasse-2-riviera-tropical-300x200.jpg 300w, https:\/\/www.lacroixdusud.fr\/wp-content\/uploads\/2022\/09\/terrasse-2-riviera-tropical-1024x681.jpg 1024w, https:\/\/www.lacroixdusud.fr\/wp-content\/uploads\/2022\/09\/terrasse-2-riviera-tropical-768x511.jpg 768w, https:\/\/www.lacroixdusud.fr\/wp-content\/uploads\/2022\/09\/terrasse-2-riviera-tropical-1536x1022.jpg 1536w\" sizes=\"(max-width: 2000px) 100vw, 2000px\" \/><div class=\"wp-block-cover__inner-container\">\n<p class=\"has-text-align-center has-large-font-size\"><\/p>\n<\/div><\/div>\n\n\n\n<div class=\"wp-container-69f34ed1df0ac wp-block-group intro\"><div class=\"wp-block-group__inner-container\">\n<h1 class=\"has-text-align-center\" id=\"coco-sweet-16-m\u00b24-personnes-2-chambres\">Mobilheim zu vermieten in Barcares: Riviera<\/h1>\n\n\n\n<p class=\"has-text-align-center gamme\">Tropical -Reihe<\/p>\n\n\n\n<h2 class=\"has-text-align-center h3\" id=\"coco-sweet-16-m\u00b24-personnes-2-chambres\">32 m\u00b2 gro\u00dfes Mobilheim Riviera f\u00fcr 4\/6 Personen<\/h2>\n\n\n\n<p class=\"has-text-align-center\">Dach mit 4 Schr\u00e4gen aus synthetischen Palmen &#8211; Getrennte Dusche\/WC. 2 gro\u00dfe 3-fl\u00fcgelige Schiebet\u00fcren. Separate K\u00fcche mit Zugang zur Terrasse. Holzterrasse mit Dach aus synthetischen Palmwedeln. <strong>Inklusive Zugang zum Entspannungsbereich (Sauna\/Dampfbad\/Fitnessraum) und Wifi f\u00fcr 1 Ger\u00e4t.<\/strong><\/p>\n\n\n\n<p class=\"has-text-align-center\">2 Schlafzimmer: 1 Doppelbett 140\u00d7190 &#8211; 2 Einzelbetten 80\u00d7190 &#8211; 1 ausziehbare Bank 1\/2 Pl\u00e4tze.<\/p>\n\n\n\n<div class=\"wp-container-69f34ed1dec12 wp-block-buttons\">\n<div class=\"wp-block-button back_btn\"><a class=\"wp-block-button__link\" href=\"https:\/\/www.lacroixdusud.fr\/de\/mobil-homes-barcares\/\">Zur\u00fcck zu den Mobilheimen<\/a><\/div>\n<\/div>\n<\/div><\/div>\n<\/div><\/section>\n\n\n\n<div class=\"wp-container-69f34ed1dfd68 wp-block-group b-30-a\"><div class=\"wp-block-group__inner-container\">\n<div class=\"wp-block-columns are-vertically-aligned-center\">\n<div class=\"wp-block-column is-vertically-aligned-center\">\n<figure class=\"wp-block-gallery has-nested-images columns-default is-cropped diaporama--1\">\n<figure class=\"wp-block-image size-large\"><img loading=\"lazy\" width=\"1024\" height=\"681\" src=\"https:\/\/www.lacroixdusud.fr\/wp-content\/uploads\/2022\/09\/chambre-enfants-riviera-tropical-1024x681.jpg\" alt=\"\" class=\"wp-image-1905\" srcset=\"https:\/\/www.lacroixdusud.fr\/wp-content\/uploads\/2022\/09\/chambre-enfants-riviera-tropical-1024x681.jpg 1024w, https:\/\/www.lacroixdusud.fr\/wp-content\/uploads\/2022\/09\/chambre-enfants-riviera-tropical-300x200.jpg 300w, https:\/\/www.lacroixdusud.fr\/wp-content\/uploads\/2022\/09\/chambre-enfants-riviera-tropical-768x511.jpg 768w, https:\/\/www.lacroixdusud.fr\/wp-content\/uploads\/2022\/09\/chambre-enfants-riviera-tropical-1536x1022.jpg 1536w, https:\/\/www.lacroixdusud.fr\/wp-content\/uploads\/2022\/09\/chambre-enfants-riviera-tropical.jpg 2000w\" sizes=\"(max-width: 1024px) 100vw, 1024px\" \/><\/figure>\n\n\n\n<figure class=\"wp-block-image size-large\"><img loading=\"lazy\" width=\"1024\" height=\"681\" src=\"https:\/\/www.lacroixdusud.fr\/wp-content\/uploads\/2022\/09\/chambre-parents-2-riviera-tropical-1024x681.jpg\" alt=\"\" class=\"wp-image-1914\" srcset=\"https:\/\/www.lacroixdusud.fr\/wp-content\/uploads\/2022\/09\/chambre-parents-2-riviera-tropical-1024x681.jpg 1024w, https:\/\/www.lacroixdusud.fr\/wp-content\/uploads\/2022\/09\/chambre-parents-2-riviera-tropical-300x200.jpg 300w, https:\/\/www.lacroixdusud.fr\/wp-content\/uploads\/2022\/09\/chambre-parents-2-riviera-tropical-768x511.jpg 768w, https:\/\/www.lacroixdusud.fr\/wp-content\/uploads\/2022\/09\/chambre-parents-2-riviera-tropical-1536x1022.jpg 1536w, https:\/\/www.lacroixdusud.fr\/wp-content\/uploads\/2022\/09\/chambre-parents-2-riviera-tropical.jpg 2000w\" sizes=\"(max-width: 1024px) 100vw, 1024px\" \/><\/figure>\n\n\n\n<figure class=\"wp-block-image size-large\"><img loading=\"lazy\" width=\"1024\" height=\"681\" src=\"https:\/\/www.lacroixdusud.fr\/wp-content\/uploads\/2022\/09\/cuisine-riviera-tropical-1024x681.jpg\" alt=\"\" class=\"wp-image-1915\" srcset=\"https:\/\/www.lacroixdusud.fr\/wp-content\/uploads\/2022\/09\/cuisine-riviera-tropical-1024x681.jpg 1024w, https:\/\/www.lacroixdusud.fr\/wp-content\/uploads\/2022\/09\/cuisine-riviera-tropical-300x200.jpg 300w, https:\/\/www.lacroixdusud.fr\/wp-content\/uploads\/2022\/09\/cuisine-riviera-tropical-768x511.jpg 768w, https:\/\/www.lacroixdusud.fr\/wp-content\/uploads\/2022\/09\/cuisine-riviera-tropical-1536x1022.jpg 1536w, https:\/\/www.lacroixdusud.fr\/wp-content\/uploads\/2022\/09\/cuisine-riviera-tropical.jpg 2000w\" sizes=\"(max-width: 1024px) 100vw, 1024px\" \/><\/figure>\n\n\n\n<figure class=\"wp-block-image size-large\"><img loading=\"lazy\" width=\"1024\" height=\"681\" src=\"https:\/\/www.lacroixdusud.fr\/wp-content\/uploads\/2022\/09\/jardin-2-riviera-tropical-1024x681.jpg\" alt=\"\" class=\"wp-image-1908\"\/><\/figure>\n\n\n\n<figure class=\"wp-block-image size-large\"><img loading=\"lazy\" width=\"1024\" height=\"681\" src=\"https:\/\/www.lacroixdusud.fr\/wp-content\/uploads\/2022\/09\/salle-de-bain-riviera-tropical-1024x681.jpg\" alt=\"\" class=\"wp-image-1909\" srcset=\"https:\/\/www.lacroixdusud.fr\/wp-content\/uploads\/2022\/09\/salle-de-bain-riviera-tropical-1024x681.jpg 1024w, https:\/\/www.lacroixdusud.fr\/wp-content\/uploads\/2022\/09\/salle-de-bain-riviera-tropical-300x200.jpg 300w, https:\/\/www.lacroixdusud.fr\/wp-content\/uploads\/2022\/09\/salle-de-bain-riviera-tropical-768x511.jpg 768w, https:\/\/www.lacroixdusud.fr\/wp-content\/uploads\/2022\/09\/salle-de-bain-riviera-tropical-1536x1022.jpg 1536w, https:\/\/www.lacroixdusud.fr\/wp-content\/uploads\/2022\/09\/salle-de-bain-riviera-tropical.jpg 2000w\" sizes=\"(max-width: 1024px) 100vw, 1024px\" \/><\/figure>\n\n\n\n<figure class=\"wp-block-image size-large\"><img loading=\"lazy\" width=\"1024\" height=\"681\" src=\"https:\/\/www.lacroixdusud.fr\/wp-content\/uploads\/2022\/09\/sejour-riviera-tropical-1024x681.jpg\" alt=\"\" class=\"wp-image-1920\" srcset=\"https:\/\/www.lacroixdusud.fr\/wp-content\/uploads\/2022\/09\/sejour-riviera-tropical-1024x681.jpg 1024w, https:\/\/www.lacroixdusud.fr\/wp-content\/uploads\/2022\/09\/sejour-riviera-tropical-300x200.jpg 300w, https:\/\/www.lacroixdusud.fr\/wp-content\/uploads\/2022\/09\/sejour-riviera-tropical-768x511.jpg 768w, https:\/\/www.lacroixdusud.fr\/wp-content\/uploads\/2022\/09\/sejour-riviera-tropical-1536x1022.jpg 1536w, https:\/\/www.lacroixdusud.fr\/wp-content\/uploads\/2022\/09\/sejour-riviera-tropical.jpg 2000w\" sizes=\"(max-width: 1024px) 100vw, 1024px\" \/><\/figure>\n<\/figure>\n<\/div>\n\n\n\n<div class=\"wp-block-column is-vertically-aligned-center\">\n<h3 class=\"titre\" id=\"le-petit-du-mobil-home-riviera\">Das kleine + des Mobilheims Riviera<\/h3>\n\n\n\n<ul class=\"pictos\"><li><i class=\"far fa-house-tree\"><\/i>  Totaler Tapetenwechsel&#8230; inmitten einer \u00fcppigen Vegetation aus Bambus, Palmen und exotischem Dekor mit gehobenem Komfort.<\/li><\/ul>\n\n\n\n<p><em>Nicht vertragliche Fotos<\/em><\/p>\n\n\n\n<div class=\"wp-container-69f34ed1dfa55 wp-block-buttons\">\n<div class=\"wp-block-button fancybox\"><a class=\"wp-block-button__link\" href=\"https:\/\/www.lacroixdusud.fr\/wp-content\/uploads\/2022\/09\/Riviera.jpg\">Plan des Mobilheims<\/a><\/div>\n\n\n\n<div class=\"wp-block-button\"><a class=\"wp-block-button__link\" href=\"https:\/\/www.lacroixdusud.fr\/wp-content\/themes\/francecom\/videos\/riviera\/riviera.html\">Virtueller Rundgang<\/a><\/div>\n<\/div>\n<\/div>\n<\/div>\n<\/div><\/div>\n\n\n\n<section class=\"wp-container-69f34ed1e017e wp-block-group\"><div class=\"wp-block-group__inner-container\">\n<div class=\"wp-block-columns\">\n<div class=\"wp-block-column\" style=\"flex-basis:30%\">\n<h3 class=\"titre\" id=\"equipement-du-mobil-home-riviera\">Ausstattung des Mobilheims Riviera<\/h3>\n\n\n\n<ul><li><span style=\"color: initial;\">Separate Dusche \/ WC<\/span><\/li><li>Sp\u00fcle<\/li><li>Geschirr<\/li><li>4-Flammen-Gaskochfeld \/ K\u00fchl- und Gefrierschrank \/ elektrische Kaffeemaschine \/ Mikrowelle<\/li><li><strong>Klimaanlage<\/strong> im Wohnzimmer \/ <strong>Deckenventilator<\/strong> <\/li><li>\u00dcberdachte Hochterrasse<\/li><li>Gartenm\u00f6bel mit 2 Sonnenliegen<\/li><\/ul>\n\n\n\n<p><em>DECKEN UND KOPFKISSEN WERDEN BEREITGESTELLT.<\/em><\/p>\n<\/div>\n\n\n\n<div class=\"wp-block-column\">\n<h2 id=\"les-tarifs-du-mobil-home-riviera\">Die Preise des Mobilheims Riviera<\/h2>\n\n\n\n<ctv-availability data-product-id=\"149443\" data-background-color=\"#FFFFFFFF\" ><\/ctv-availability>\n<\/div>\n<\/div>\n<\/div><\/section>\n","protected":false},"featured_media":4707,"template":"","meta":[],"cat-type":[71],"acf":[],"_links":{"self":[{"href":"https:\/\/www.lacroixdusud.fr\/de\/wp-json\/wp\/v2\/locations\/5003"}],"collection":[{"href":"https:\/\/www.lacroixdusud.fr\/de\/wp-json\/wp\/v2\/locations"}],"about":[{"href":"https:\/\/www.lacroixdusud.fr\/de\/wp-json\/wp\/v2\/types\/locations"}],"version-history":[{"count":3,"href":"https:\/\/www.lacroixdusud.fr\/de\/wp-json\/wp\/v2\/locations\/5003\/revisions"}],"predecessor-version":[{"id":7739,"href":"https:\/\/www.lacroixdusud.fr\/de\/wp-json\/wp\/v2\/locations\/5003\/revisions\/7739"}],"wp:featuredmedia":[{"embeddable":true,"href":"https:\/\/www.lacroixdusud.fr\/de\/wp-json\/wp\/v2\/media\/4707"}],"wp:attachment":[{"href":"https:\/\/www.lacroixdusud.fr\/de\/wp-json\/wp\/v2\/media?parent=5003"}],"wp:term":[{"taxonomy":"cat-type","embeddable":true,"href":"https:\/\/www.lacroixdusud.fr\/de\/wp-json\/wp\/v2\/cat-type?post=5003"}],"curies":[{"name":"wp","href":"https:\/\/api.w.org\/{rel}","templated":true}]}}