{"id":5029,"date":"2023-12-06T14:59:30","date_gmt":"2023-12-06T13:59:30","guid":{"rendered":"https:\/\/www.lacroixdusud.fr\/locations\/mobil-home-twiny\/"},"modified":"2026-03-26T09:23:50","modified_gmt":"2026-03-26T08:23:50","slug":"mobil-home-twiny","status":"publish","type":"locations","link":"https:\/\/www.lacroixdusud.fr\/de\/locations\/mobil-home-twiny\/","title":{"rendered":"Mobil Home Twiny"},"content":{"rendered":"\n<section class=\"wp-container-69f0ccb67d6f5 wp-block-group a-00-a\"><div class=\"wp-block-group__inner-container\">\n<div class=\"wp-block-cover alignfull\"><span aria-hidden=\"true\" class=\"has-bleu-background-color has-background-dim-0 wp-block-cover__gradient-background has-background-dim\"><\/span><img loading=\"lazy\" width=\"1200\" height=\"800\" class=\"wp-block-cover__image-background wp-image-2892\" alt=\"Exterieur MH Twiny Terrasse\" src=\"https:\/\/www.lacroixdusud.fr\/wp-content\/uploads\/2022\/09\/twiny-terrasse-1.jpg\" style=\"object-position:71% 55%\" data-object-fit=\"cover\" data-object-position=\"71% 55%\" srcset=\"https:\/\/www.lacroixdusud.fr\/wp-content\/uploads\/2022\/09\/twiny-terrasse-1.jpg 1200w, https:\/\/www.lacroixdusud.fr\/wp-content\/uploads\/2022\/09\/twiny-terrasse-1-300x200.jpg 300w, https:\/\/www.lacroixdusud.fr\/wp-content\/uploads\/2022\/09\/twiny-terrasse-1-1024x683.jpg 1024w, https:\/\/www.lacroixdusud.fr\/wp-content\/uploads\/2022\/09\/twiny-terrasse-1-768x512.jpg 768w\" sizes=\"(max-width: 1200px) 100vw, 1200px\" \/><div class=\"wp-block-cover__inner-container\">\n<p class=\"has-text-align-center has-large-font-size\"><\/p>\n<\/div><\/div>\n\n\n\n<div class=\"wp-container-69f0ccb67d3c8 wp-block-group intro\"><div class=\"wp-block-group__inner-container\">\n<h1 class=\"has-text-align-center\" id=\"coco-sweet-16-m\u00b24-personnes-2-chambres\">Mobilheimvermietung in Pyr\u00e9n\u00e9es Orientales: Twiny<\/h1>\n\n\n\n<p class=\"has-text-align-center gamme\">Fun -Reihe<\/p>\n\n\n\n<h2 class=\"has-text-align-center h3\" id=\"coco-sweet-16-m\u00b24-personnes-2-chambres\">21 m\u00b2 gro\u00dfes Mobilheim Twiny f\u00fcr 2\/4 Personen<\/h2>\n\n\n\n<p class=\"has-text-align-center\">Satteldach &#8211; 1 Schlafzimmer: 1 Doppelbett 140\u00d7190 &#8211; 1 ausziehbare Bank 1\/2 Pl\u00e4tze <\/p>\n\n\n\n<div class=\"wp-container-69f0ccb67d0aa wp-block-buttons\">\n<div class=\"wp-block-button back_btn\"><a class=\"wp-block-button__link\" href=\"https:\/\/www.lacroixdusud.fr\/de\/mobil-homes-barcares\/\">Zur\u00fcck zu den Mobilheimen<\/a><\/div>\n<\/div>\n<\/div><\/div>\n<\/div><\/section>\n\n\n\n<div class=\"wp-container-69f0ccb67df9a wp-block-group b-30-a\"><div class=\"wp-block-group__inner-container\">\n<div class=\"wp-block-columns are-vertically-aligned-center\">\n<div class=\"wp-block-column is-vertically-aligned-center\">\n<figure class=\"wp-block-gallery has-nested-images columns-default is-cropped diaporama--1\">\n<figure class=\"wp-block-image size-large\"><img loading=\"lazy\" width=\"1024\" height=\"683\" src=\"https:\/\/www.lacroixdusud.fr\/wp-content\/uploads\/2022\/09\/twiny-cuisine-1024x683.jpg\" alt=\"\" class=\"wp-image-1876\" srcset=\"https:\/\/www.lacroixdusud.fr\/wp-content\/uploads\/2022\/09\/twiny-cuisine-1024x683.jpg 1024w, https:\/\/www.lacroixdusud.fr\/wp-content\/uploads\/2022\/09\/twiny-cuisine-300x200.jpg 300w, https:\/\/www.lacroixdusud.fr\/wp-content\/uploads\/2022\/09\/twiny-cuisine-768x512.jpg 768w, https:\/\/www.lacroixdusud.fr\/wp-content\/uploads\/2022\/09\/twiny-cuisine.jpg 1200w\" sizes=\"(max-width: 1024px) 100vw, 1024px\" \/><\/figure>\n\n\n\n<figure class=\"wp-block-image size-large\"><img loading=\"lazy\" width=\"1024\" height=\"681\" src=\"https:\/\/www.lacroixdusud.fr\/wp-content\/uploads\/2022\/09\/twiny-salon-2-1024x681.jpg\" alt=\"\" class=\"wp-image-2903\" srcset=\"https:\/\/www.lacroixdusud.fr\/wp-content\/uploads\/2022\/09\/twiny-salon-2-1024x681.jpg 1024w, https:\/\/www.lacroixdusud.fr\/wp-content\/uploads\/2022\/09\/twiny-salon-2-300x200.jpg 300w, https:\/\/www.lacroixdusud.fr\/wp-content\/uploads\/2022\/09\/twiny-salon-2-768x511.jpg 768w, https:\/\/www.lacroixdusud.fr\/wp-content\/uploads\/2022\/09\/twiny-salon-2-1536x1022.jpg 1536w, https:\/\/www.lacroixdusud.fr\/wp-content\/uploads\/2022\/09\/twiny-salon-2.jpg 2000w\" sizes=\"(max-width: 1024px) 100vw, 1024px\" \/><\/figure>\n\n\n\n<figure class=\"wp-block-image size-large\"><img loading=\"lazy\" width=\"1024\" height=\"683\" src=\"https:\/\/www.lacroixdusud.fr\/wp-content\/uploads\/2022\/09\/twiny-sde-1024x683.jpg\" alt=\"\" class=\"wp-image-1877\" srcset=\"https:\/\/www.lacroixdusud.fr\/wp-content\/uploads\/2022\/09\/twiny-sde-1024x683.jpg 1024w, https:\/\/www.lacroixdusud.fr\/wp-content\/uploads\/2022\/09\/twiny-sde-300x200.jpg 300w, https:\/\/www.lacroixdusud.fr\/wp-content\/uploads\/2022\/09\/twiny-sde-768x512.jpg 768w, https:\/\/www.lacroixdusud.fr\/wp-content\/uploads\/2022\/09\/twiny-sde.jpg 1200w\" sizes=\"(max-width: 1024px) 100vw, 1024px\" \/><\/figure>\n\n\n\n<figure class=\"wp-block-image size-large\"><img loading=\"lazy\" width=\"1024\" height=\"683\" src=\"https:\/\/www.lacroixdusud.fr\/wp-content\/uploads\/2022\/09\/twiny-sejour-1024x683.jpg\" alt=\"\" class=\"wp-image-1885\" srcset=\"https:\/\/www.lacroixdusud.fr\/wp-content\/uploads\/2022\/09\/twiny-sejour-1024x683.jpg 1024w, https:\/\/www.lacroixdusud.fr\/wp-content\/uploads\/2022\/09\/twiny-sejour-300x200.jpg 300w, https:\/\/www.lacroixdusud.fr\/wp-content\/uploads\/2022\/09\/twiny-sejour-768x512.jpg 768w, https:\/\/www.lacroixdusud.fr\/wp-content\/uploads\/2022\/09\/twiny-sejour.jpg 1200w\" sizes=\"(max-width: 1024px) 100vw, 1024px\" \/><\/figure>\n\n\n\n<figure class=\"wp-block-image size-large\"><img loading=\"lazy\" width=\"1024\" height=\"683\" src=\"https:\/\/www.lacroixdusud.fr\/wp-content\/uploads\/2022\/09\/twiny-sejour2-1024x683.jpg\" alt=\"\" class=\"wp-image-1880\" srcset=\"https:\/\/www.lacroixdusud.fr\/wp-content\/uploads\/2022\/09\/twiny-sejour2-1024x683.jpg 1024w, https:\/\/www.lacroixdusud.fr\/wp-content\/uploads\/2022\/09\/twiny-sejour2-300x200.jpg 300w, https:\/\/www.lacroixdusud.fr\/wp-content\/uploads\/2022\/09\/twiny-sejour2-768x512.jpg 768w, https:\/\/www.lacroixdusud.fr\/wp-content\/uploads\/2022\/09\/twiny-sejour2.jpg 1200w\" sizes=\"(max-width: 1024px) 100vw, 1024px\" \/><\/figure>\n\n\n\n<figure class=\"wp-block-image size-large\"><img loading=\"lazy\" width=\"1024\" height=\"683\" src=\"https:\/\/www.lacroixdusud.fr\/wp-content\/uploads\/2022\/09\/twiny-terrasse-1024x683.jpg\" alt=\"\" class=\"wp-image-1886\" srcset=\"https:\/\/www.lacroixdusud.fr\/wp-content\/uploads\/2022\/09\/twiny-terrasse-1024x683.jpg 1024w, https:\/\/www.lacroixdusud.fr\/wp-content\/uploads\/2022\/09\/twiny-terrasse-300x200.jpg 300w, https:\/\/www.lacroixdusud.fr\/wp-content\/uploads\/2022\/09\/twiny-terrasse-768x512.jpg 768w, https:\/\/www.lacroixdusud.fr\/wp-content\/uploads\/2022\/09\/twiny-terrasse.jpg 1200w\" sizes=\"(max-width: 1024px) 100vw, 1024px\" \/><\/figure>\n\n\n\n<figure class=\"wp-block-image size-large\"><img loading=\"lazy\" width=\"1024\" height=\"683\" src=\"https:\/\/www.lacroixdusud.fr\/wp-content\/uploads\/2022\/09\/twiny-terrasse2-1024x683.jpg\" alt=\"\" class=\"wp-image-1894\" srcset=\"https:\/\/www.lacroixdusud.fr\/wp-content\/uploads\/2022\/09\/twiny-terrasse2-1024x683.jpg 1024w, https:\/\/www.lacroixdusud.fr\/wp-content\/uploads\/2022\/09\/twiny-terrasse2-300x200.jpg 300w, https:\/\/www.lacroixdusud.fr\/wp-content\/uploads\/2022\/09\/twiny-terrasse2-768x512.jpg 768w, https:\/\/www.lacroixdusud.fr\/wp-content\/uploads\/2022\/09\/twiny-terrasse2.jpg 1200w\" sizes=\"(max-width: 1024px) 100vw, 1024px\" \/><\/figure>\n<\/figure>\n<\/div>\n\n\n\n<div class=\"wp-block-column is-vertically-aligned-center\">\n<h3 class=\"titre\" id=\"le-petit-du-mobil-home-twiny\">Das kleine + des Mobilheims Twiny <\/h3>\n\n\n\n<ul class=\"pictos\"><li><i class=\"far fa-home-heart\"><\/i> Pfiffig, ein Schlafzimmer mit einem Wohnzimmer, das leicht in eine zus\u00e4tzliche Schlafgelegenheit umgewandelt werden kann<\/li><li><i class=\"far fa-family\"><\/i> Modell &#8220;Chameleon&#8221; f\u00fcr alle geeignet: kleine Familie, Paar, Kurgast, Wanderer. Ger\u00e4umiges Badezimmer. Sehr funktionale K\u00fcche . Sehr gutes Preis-Leistungs-Verh\u00e4ltnis.<\/li><\/ul>\n\n\n\n<p><em>Fotos nicht vertraglich bindend &#8211; Die Farben variieren von Mobilheim zu Mobilheim. <\/em><\/p>\n\n\n\n<div class=\"wp-container-69f0ccb67dc6f wp-block-buttons\">\n<div class=\"wp-block-button fancybox\"><a class=\"wp-block-button__link\" href=\"https:\/\/www.lacroixdusud.fr\/wp-content\/uploads\/2022\/09\/Twiny1.jpg\">Plan des Mobilheims<\/a><\/div>\n\n\n\n<div class=\"wp-block-button\"><a class=\"wp-block-button__link\" href=\"\/wp-content\/themes\/francecom\/videos\/twiny\/TWINY.html\" target=\"_blank\" rel=\"noreferrer noopener\">Virtueller Rundgang<\/a><\/div>\n<\/div>\n<\/div>\n<\/div>\n<\/div><\/div>\n\n\n\n<section class=\"wp-container-69f0ccb67e3cc wp-block-group\"><div class=\"wp-block-group__inner-container\">\n<div class=\"wp-block-columns\">\n<div class=\"wp-block-column\" style=\"flex-basis:30%\">\n<h3 class=\"titre\" id=\"equipement-du-mobil-home-twiny\">Ausstattung des Mobilheims Twiny <\/h3>\n\n\n\n<ul><li>1 Schlafzimmer mit 1 Doppelbett 140\u00d7190.<\/li><li>Badezimmer und WC im selben Raum.<\/li><li>Wohnzimmerecke mit L-f\u00f6rmiger Sitzbank 140\u00d7200.<\/li><li>Ausgestattete K\u00fcche: Sp\u00fcle, 2-Flammen-Gaskochfeld, K\u00fchlschrank mit Gefrierfach, elektrische Kaffeemaschine, Geschirr.<\/li><li>Fernsehen<\/li><li>Satteldach.<\/li><li>Holzterrasse mit schattenspendendem Netz + Gartenm\u00f6bel.<\/li><\/ul>\n\n\n\n<p><em>DECKEN UND KOPFKISSEN WERDEN BEREITGESTELLT.<\/em><\/p>\n<\/div>\n\n\n\n<div class=\"wp-block-column\">\n<h2 id=\"les-tarifs-du-mobil-home-twiny\">Die Preise f\u00fcr das Mobilheim Twiny <\/h2>\n\n\n\n<ctv-availability data-product-id=\"149429\" data-background-color=\"#FFFFFFFF\" ><\/ctv-availability>\n<\/div>\n<\/div>\n<\/div><\/section>\n","protected":false},"featured_media":4689,"template":"","meta":[],"cat-type":[69],"acf":[],"_links":{"self":[{"href":"https:\/\/www.lacroixdusud.fr\/de\/wp-json\/wp\/v2\/locations\/5029"}],"collection":[{"href":"https:\/\/www.lacroixdusud.fr\/de\/wp-json\/wp\/v2\/locations"}],"about":[{"href":"https:\/\/www.lacroixdusud.fr\/de\/wp-json\/wp\/v2\/types\/locations"}],"version-history":[{"count":2,"href":"https:\/\/www.lacroixdusud.fr\/de\/wp-json\/wp\/v2\/locations\/5029\/revisions"}],"predecessor-version":[{"id":7745,"href":"https:\/\/www.lacroixdusud.fr\/de\/wp-json\/wp\/v2\/locations\/5029\/revisions\/7745"}],"wp:featuredmedia":[{"embeddable":true,"href":"https:\/\/www.lacroixdusud.fr\/de\/wp-json\/wp\/v2\/media\/4689"}],"wp:attachment":[{"href":"https:\/\/www.lacroixdusud.fr\/de\/wp-json\/wp\/v2\/media?parent=5029"}],"wp:term":[{"taxonomy":"cat-type","embeddable":true,"href":"https:\/\/www.lacroixdusud.fr\/de\/wp-json\/wp\/v2\/cat-type?post=5029"}],"curies":[{"name":"wp","href":"https:\/\/api.w.org\/{rel}","templated":true}]}}