{"id":5044,"date":"2023-12-06T15:08:17","date_gmt":"2023-12-06T14:08:17","guid":{"rendered":"https:\/\/www.lacroixdusud.fr\/locations\/mobil-home-loggia\/"},"modified":"2026-03-26T09:55:07","modified_gmt":"2026-03-26T08:55:07","slug":"mobil-home-loggia","status":"publish","type":"locations","link":"https:\/\/www.lacroixdusud.fr\/de\/locations\/mobil-home-loggia\/","title":{"rendered":"Mobil Home Loggia"},"content":{"rendered":"\n<section class=\"wp-container-69f0ccb61c6ff wp-block-group a-00-a\"><div class=\"wp-block-group__inner-container\">\n<div class=\"wp-block-cover alignfull is-light\"><span aria-hidden=\"true\" class=\"has-bleu-background-color has-background-dim-0 wp-block-cover__gradient-background has-background-dim\"><\/span><img loading=\"lazy\" width=\"2560\" height=\"1703\" class=\"wp-block-cover__image-background wp-image-2932\" alt=\"vue entree loggia\" src=\"https:\/\/www.lacroixdusud.fr\/wp-content\/uploads\/2022\/09\/Ensemble-Loggia-scaled.jpg\" style=\"object-position:44% 70%\" data-object-fit=\"cover\" data-object-position=\"44% 70%\" srcset=\"https:\/\/www.lacroixdusud.fr\/wp-content\/uploads\/2022\/09\/Ensemble-Loggia-scaled.jpg 2560w, https:\/\/www.lacroixdusud.fr\/wp-content\/uploads\/2022\/09\/Ensemble-Loggia-300x200.jpg 300w, https:\/\/www.lacroixdusud.fr\/wp-content\/uploads\/2022\/09\/Ensemble-Loggia-1024x681.jpg 1024w, https:\/\/www.lacroixdusud.fr\/wp-content\/uploads\/2022\/09\/Ensemble-Loggia-768x511.jpg 768w, https:\/\/www.lacroixdusud.fr\/wp-content\/uploads\/2022\/09\/Ensemble-Loggia-1536x1022.jpg 1536w, https:\/\/www.lacroixdusud.fr\/wp-content\/uploads\/2022\/09\/Ensemble-Loggia-2048x1363.jpg 2048w\" sizes=\"(max-width: 2560px) 100vw, 2560px\" \/><div class=\"wp-block-cover__inner-container\">\n<p class=\"has-text-align-center has-large-font-size\"><\/p>\n<\/div><\/div>\n\n\n\n<div class=\"wp-container-69f0ccb61c3b5 wp-block-group intro\"><div class=\"wp-block-group__inner-container\">\n<h1 class=\"has-text-align-center\" id=\"coco-sweet-16-m\u00b24-personnes-2-chambres\">Mobilheimvermietung in den Pyr\u00e9n\u00e9es Orientales: Loggia<\/h1>\n\n\n\n<p class=\"has-text-align-center gamme\">Comfort-Reihe<\/p>\n\n\n\n<h2 class=\"has-text-align-center h3\" id=\"coco-sweet-16-m\u00b24-personnes-2-chambres\">Mobil Home Loggia &#8211; 25 m\u00b2 &#8211; 4\/6 personnes <\/h2>\n\n\n\n<p class=\"has-text-align-center\">2 H\u00e4nge &#8211; 2 Schlafzimmer: 1 Doppelbett 140\u00d7190 &#8211; 2 Einzelbetten 80\u00d7190 &#8211; 1 ausziehbare Bank 1\/2 pers. &#8211; Klimaanlage<\/p>\n\n\n\n<div class=\"wp-container-69f0ccb61c098 wp-block-buttons\">\n<div class=\"wp-block-button back_btn\"><a class=\"wp-block-button__link\" href=\"https:\/\/www.lacroixdusud.fr\/de\/mobil-homes-barcares\/\">Zur\u00fcck zu den Wohnmobilen<\/a><\/div>\n<\/div>\n<\/div><\/div>\n<\/div><\/section>\n\n\n\n<div class=\"wp-container-69f0ccb61cf98 wp-block-group b-30-a\"><div class=\"wp-block-group__inner-container\">\n<div class=\"wp-block-columns are-vertically-aligned-center\">\n<div class=\"wp-block-column is-vertically-aligned-center\">\n<figure class=\"wp-block-gallery has-nested-images columns-default is-cropped diaporama--1\">\n<figure class=\"wp-block-image size-large\"><img loading=\"lazy\" width=\"1024\" height=\"681\" src=\"https:\/\/www.lacroixdusud.fr\/wp-content\/uploads\/2022\/09\/terrasse-3-loggia-1024x681.jpg\" alt=\"\" class=\"wp-image-1754\" srcset=\"https:\/\/www.lacroixdusud.fr\/wp-content\/uploads\/2022\/09\/terrasse-3-loggia-1024x681.jpg 1024w, https:\/\/www.lacroixdusud.fr\/wp-content\/uploads\/2022\/09\/terrasse-3-loggia-300x200.jpg 300w, https:\/\/www.lacroixdusud.fr\/wp-content\/uploads\/2022\/09\/terrasse-3-loggia-768x511.jpg 768w, https:\/\/www.lacroixdusud.fr\/wp-content\/uploads\/2022\/09\/terrasse-3-loggia-1536x1022.jpg 1536w, https:\/\/www.lacroixdusud.fr\/wp-content\/uploads\/2022\/09\/terrasse-3-loggia.jpg 2000w\" sizes=\"(max-width: 1024px) 100vw, 1024px\" \/><\/figure>\n\n\n\n<figure class=\"wp-block-image size-large\"><img loading=\"lazy\" width=\"681\" height=\"1024\" src=\"https:\/\/www.lacroixdusud.fr\/wp-content\/uploads\/2022\/09\/chambre-enfants-loggia-681x1024.jpg\" alt=\"\" class=\"wp-image-1746\" srcset=\"https:\/\/www.lacroixdusud.fr\/wp-content\/uploads\/2022\/09\/chambre-enfants-loggia-681x1024.jpg 681w, https:\/\/www.lacroixdusud.fr\/wp-content\/uploads\/2022\/09\/chambre-enfants-loggia-200x300.jpg 200w, https:\/\/www.lacroixdusud.fr\/wp-content\/uploads\/2022\/09\/chambre-enfants-loggia-768x1154.jpg 768w, https:\/\/www.lacroixdusud.fr\/wp-content\/uploads\/2022\/09\/chambre-enfants-loggia-1022x1536.jpg 1022w, https:\/\/www.lacroixdusud.fr\/wp-content\/uploads\/2022\/09\/chambre-enfants-loggia.jpg 1331w\" sizes=\"(max-width: 681px) 100vw, 681px\" \/><\/figure>\n\n\n\n<figure class=\"wp-block-image size-large\"><img loading=\"lazy\" width=\"1024\" height=\"681\" src=\"https:\/\/www.lacroixdusud.fr\/wp-content\/uploads\/2022\/09\/chambre-parents-loggia-1024x681.jpg\" alt=\"\" class=\"wp-image-1755\" srcset=\"https:\/\/www.lacroixdusud.fr\/wp-content\/uploads\/2022\/09\/chambre-parents-loggia-1024x681.jpg 1024w, https:\/\/www.lacroixdusud.fr\/wp-content\/uploads\/2022\/09\/chambre-parents-loggia-300x200.jpg 300w, https:\/\/www.lacroixdusud.fr\/wp-content\/uploads\/2022\/09\/chambre-parents-loggia-768x511.jpg 768w, https:\/\/www.lacroixdusud.fr\/wp-content\/uploads\/2022\/09\/chambre-parents-loggia-1536x1022.jpg 1536w, https:\/\/www.lacroixdusud.fr\/wp-content\/uploads\/2022\/09\/chambre-parents-loggia.jpg 2000w\" sizes=\"(max-width: 1024px) 100vw, 1024px\" \/><\/figure>\n\n\n\n<figure class=\"wp-block-image size-large\"><img loading=\"lazy\" width=\"1024\" height=\"681\" src=\"https:\/\/www.lacroixdusud.fr\/wp-content\/uploads\/2022\/09\/cuisine-4-loggia-1024x681.jpg\" alt=\"\" class=\"wp-image-1751\" srcset=\"https:\/\/www.lacroixdusud.fr\/wp-content\/uploads\/2022\/09\/cuisine-4-loggia-1024x681.jpg 1024w, https:\/\/www.lacroixdusud.fr\/wp-content\/uploads\/2022\/09\/cuisine-4-loggia-300x200.jpg 300w, https:\/\/www.lacroixdusud.fr\/wp-content\/uploads\/2022\/09\/cuisine-4-loggia-768x511.jpg 768w, https:\/\/www.lacroixdusud.fr\/wp-content\/uploads\/2022\/09\/cuisine-4-loggia-1536x1022.jpg 1536w, https:\/\/www.lacroixdusud.fr\/wp-content\/uploads\/2022\/09\/cuisine-4-loggia.jpg 2000w\" sizes=\"(max-width: 1024px) 100vw, 1024px\" \/><\/figure>\n\n\n\n<figure class=\"wp-block-image size-large\"><img loading=\"lazy\" width=\"1024\" height=\"681\" src=\"https:\/\/www.lacroixdusud.fr\/wp-content\/uploads\/2022\/09\/cuisine-5-loggia-1024x681.jpg\" alt=\"\" class=\"wp-image-1748\" srcset=\"https:\/\/www.lacroixdusud.fr\/wp-content\/uploads\/2022\/09\/cuisine-5-loggia-1024x681.jpg 1024w, https:\/\/www.lacroixdusud.fr\/wp-content\/uploads\/2022\/09\/cuisine-5-loggia-300x200.jpg 300w, https:\/\/www.lacroixdusud.fr\/wp-content\/uploads\/2022\/09\/cuisine-5-loggia-768x511.jpg 768w, https:\/\/www.lacroixdusud.fr\/wp-content\/uploads\/2022\/09\/cuisine-5-loggia-1536x1022.jpg 1536w, https:\/\/www.lacroixdusud.fr\/wp-content\/uploads\/2022\/09\/cuisine-5-loggia.jpg 2000w\" sizes=\"(max-width: 1024px) 100vw, 1024px\" \/><\/figure>\n\n\n\n<figure class=\"wp-block-image size-large\"><img loading=\"lazy\" width=\"1154\" height=\"768\" src=\"https:\/\/www.lacroixdusud.fr\/wp-content\/uploads\/2022\/09\/Ensemble-2-Loggia-FILEminimizer.jpg\" alt=\"Wohnzimmer und Loggia-Terrasse\" class=\"wp-image-2935\" srcset=\"https:\/\/www.lacroixdusud.fr\/wp-content\/uploads\/2022\/09\/Ensemble-2-Loggia-FILEminimizer.jpg 1154w, https:\/\/www.lacroixdusud.fr\/wp-content\/uploads\/2022\/09\/Ensemble-2-Loggia-FILEminimizer-300x200.jpg 300w, https:\/\/www.lacroixdusud.fr\/wp-content\/uploads\/2022\/09\/Ensemble-2-Loggia-FILEminimizer-1024x681.jpg 1024w, https:\/\/www.lacroixdusud.fr\/wp-content\/uploads\/2022\/09\/Ensemble-2-Loggia-FILEminimizer-768x511.jpg 768w\" sizes=\"(max-width: 1154px) 100vw, 1154px\" \/><\/figure>\n\n\n\n<figure class=\"wp-block-image size-large\"><img loading=\"lazy\" width=\"1516\" height=\"1011\" src=\"https:\/\/www.lacroixdusud.fr\/wp-content\/uploads\/2022\/09\/Extrieur-LOGGIA-ConvertImage.jpg\" alt=\"Au\u00dfenseite Loggia\" class=\"wp-image-2938\" srcset=\"https:\/\/www.lacroixdusud.fr\/wp-content\/uploads\/2022\/09\/Extrieur-LOGGIA-ConvertImage.jpg 1516w, https:\/\/www.lacroixdusud.fr\/wp-content\/uploads\/2022\/09\/Extrieur-LOGGIA-ConvertImage-300x200.jpg 300w, https:\/\/www.lacroixdusud.fr\/wp-content\/uploads\/2022\/09\/Extrieur-LOGGIA-ConvertImage-1024x683.jpg 1024w, https:\/\/www.lacroixdusud.fr\/wp-content\/uploads\/2022\/09\/Extrieur-LOGGIA-ConvertImage-768x512.jpg 768w\" sizes=\"(max-width: 1516px) 100vw, 1516px\" \/><\/figure>\n<\/figure>\n<\/div>\n\n\n\n<div class=\"wp-block-column is-vertically-aligned-center\">\n<h3 class=\"titre\" id=\"le-petit-du-mobil-home-loggia\">Das kleine + des mobil Home Loggia<\/h3>\n\n\n\n<ul class=\"pictos\"><li><i class=\"far fa-umbrella-beach\"><\/i> Integrierte Holzterrasse mit \u00fcberdachter Erweiterung.<\/li><li><i class=\"far fa-window-frame\"><\/i> Gro\u00dfe Sichtweite im Wohnzimmer (extra gro\u00dfe Bucht).<\/li><li><i class=\"far fa-baby\"><\/i> Platz f\u00fcr Babybett.<\/li><li><i class=\"far fa-air-conditioner\"><\/i>  Klimaanlage<\/li><\/ul>\n\n\n\n<p><em>Nicht vertragsgem\u00e4\u00dfe Fotos<\/em><\/p>\n\n\n\n<div class=\"wp-container-69f0ccb61cc67 wp-block-buttons\">\n<div class=\"wp-block-button fancybox\"><a class=\"wp-block-button__link\" href=\"https:\/\/www.lacroixdusud.fr\/wp-content\/uploads\/2022\/09\/Loggia.jpg\">Plan des Wohnmobils<\/a><\/div>\n\n\n\n<div class=\"wp-block-button\"><a class=\"wp-block-button__link\" href=\"\/wp-content\/themes\/francecom\/videos\/loggia\/loggia.html\" target=\"_blank\" rel=\"noreferrer noopener\">Virtual tour<\/a><\/div>\n<\/div>\n<\/div>\n<\/div>\n<\/div><\/div>\n\n\n\n<section class=\"wp-container-69f0ccb61d3bb wp-block-group\"><div class=\"wp-block-group__inner-container\">\n<div class=\"wp-block-columns\">\n<div class=\"wp-block-column\" style=\"flex-basis:30%\">\n<h3 class=\"titre\" id=\"equipement-du-mobil-home-loggia\">Ausstattung des Mobilheims Loggia<\/h3>\n\n\n\n<ul><li>Dusche, separates WC<\/li><li>Klimaanlage<\/li><li>Sp\u00fcle<\/li><li>4-Flammen-Gaskochfeld, K\u00fchlschrank mit Gefrierfach, elektrische Kaffeemaschine, Mikrowelle<\/li><li>Geschirr<\/li><li>Gartenm\u00f6bel<\/li><li>integrierte \u00fcberdachte Holzterrasse mit Anbau.<\/li><\/ul>\n\n\n\n<p><em>DECKEN UND KOPFKISSEN WERDEN BEREITGESTELLT.<\/em><\/p>\n<\/div>\n\n\n\n<div class=\"wp-block-column\">\n<h2 id=\"les-tarifs-du-mobil-home-loggia\">Die Preise f\u00fcr das Mobilheim Loggia<\/h2>\n\n\n\n<ctv-availability data-product-id=\"149437\" data-background-color=\"#FFFFFFFF\" ><\/ctv-availability>\n<\/div>\n<\/div>\n<\/div><\/section>\n","protected":false},"featured_media":4578,"template":"","meta":[],"cat-type":[65],"acf":[],"_links":{"self":[{"href":"https:\/\/www.lacroixdusud.fr\/de\/wp-json\/wp\/v2\/locations\/5044"}],"collection":[{"href":"https:\/\/www.lacroixdusud.fr\/de\/wp-json\/wp\/v2\/locations"}],"about":[{"href":"https:\/\/www.lacroixdusud.fr\/de\/wp-json\/wp\/v2\/types\/locations"}],"version-history":[{"count":2,"href":"https:\/\/www.lacroixdusud.fr\/de\/wp-json\/wp\/v2\/locations\/5044\/revisions"}],"predecessor-version":[{"id":7764,"href":"https:\/\/www.lacroixdusud.fr\/de\/wp-json\/wp\/v2\/locations\/5044\/revisions\/7764"}],"wp:featuredmedia":[{"embeddable":true,"href":"https:\/\/www.lacroixdusud.fr\/de\/wp-json\/wp\/v2\/media\/4578"}],"wp:attachment":[{"href":"https:\/\/www.lacroixdusud.fr\/de\/wp-json\/wp\/v2\/media?parent=5044"}],"wp:term":[{"taxonomy":"cat-type","embeddable":true,"href":"https:\/\/www.lacroixdusud.fr\/de\/wp-json\/wp\/v2\/cat-type?post=5044"}],"curies":[{"name":"wp","href":"https:\/\/api.w.org\/{rel}","templated":true}]}}