{"id":5058,"date":"2023-12-06T15:15:07","date_gmt":"2023-12-06T14:15:07","guid":{"rendered":"https:\/\/www.lacroixdusud.fr\/locations\/mobil-home-ophea\/"},"modified":"2026-03-26T10:06:38","modified_gmt":"2026-03-26T09:06:38","slug":"mobil-home-ophea","status":"publish","type":"locations","link":"https:\/\/www.lacroixdusud.fr\/de\/locations\/mobil-home-ophea\/","title":{"rendered":"Mobil Home O\u2019Ph\u00e9a"},"content":{"rendered":"\n<section class=\"wp-container-69f0ccf84b278 wp-block-group a-00-a\"><div class=\"wp-block-group__inner-container\">\n<div class=\"wp-block-cover alignfull is-light\"><span aria-hidden=\"true\" class=\"has-bleu-background-color has-background-dim-0 wp-block-cover__gradient-background has-background-dim\"><\/span><img loading=\"lazy\" width=\"2560\" height=\"1703\" class=\"wp-block-cover__image-background wp-image-2973\" alt=\"sejour ophea\" src=\"https:\/\/www.lacroixdusud.fr\/wp-content\/uploads\/2022\/09\/Sejour-Ophea-1-scaled.jpg\" style=\"object-position:58% 88%\" data-object-fit=\"cover\" data-object-position=\"58% 88%\" srcset=\"https:\/\/www.lacroixdusud.fr\/wp-content\/uploads\/2022\/09\/Sejour-Ophea-1-scaled.jpg 2560w, https:\/\/www.lacroixdusud.fr\/wp-content\/uploads\/2022\/09\/Sejour-Ophea-1-300x200.jpg 300w, https:\/\/www.lacroixdusud.fr\/wp-content\/uploads\/2022\/09\/Sejour-Ophea-1-1024x681.jpg 1024w, https:\/\/www.lacroixdusud.fr\/wp-content\/uploads\/2022\/09\/Sejour-Ophea-1-768x511.jpg 768w, https:\/\/www.lacroixdusud.fr\/wp-content\/uploads\/2022\/09\/Sejour-Ophea-1-1536x1022.jpg 1536w, https:\/\/www.lacroixdusud.fr\/wp-content\/uploads\/2022\/09\/Sejour-Ophea-1-2048x1363.jpg 2048w\" sizes=\"(max-width: 2560px) 100vw, 2560px\" \/><div class=\"wp-block-cover__inner-container\">\n<p class=\"has-text-align-center has-large-font-size\"><\/p>\n<\/div><\/div>\n\n\n\n<div class=\"wp-container-69f0ccf84af27 wp-block-group intro\"><div class=\"wp-block-group__inner-container\">\n<h1 class=\"has-text-align-center\" id=\"coco-sweet-16-m\u00b24-personnes-2-chambres\">Mobilheimvermietung in Barcar\u00e8s : O&#8217;Ph\u00e9a<\/h1>\n\n\n\n<p class=\"has-text-align-center gamme\">Essential-Reihe<\/p>\n\n\n\n<h2 class=\"has-text-align-center h3\" id=\"coco-sweet-16-m\u00b24-personnes-2-chambres\">Mobile Home O&#8217;Ph\u00e9a &#8211; 29 m\u00b2 &#8211; 6 Personen &#8211; 3 Schlafzimmer &#8211; klimatisiert<\/h2>\n\n\n\n<p class=\"has-text-align-center\">Satteldach &#8211; 3 Schlafzimmer: 1 Doppelbett 140\u00d7190 &#8211; 2 Schlafzimmer mit 2 Einzelbetten 80\u00d7190 &#8211; 1 L-f\u00f6rmige Sitzbank &#8211; Klimaanlage und TV.<\/p>\n\n\n\n<div class=\"wp-container-69f0ccf84ac15 wp-block-buttons\">\n<div class=\"wp-block-button back_btn\"><a class=\"wp-block-button__link\" href=\"https:\/\/www.lacroixdusud.fr\/de\/mobil-homes-barcares\/\">Zur\u00fcck zu den Wohnmobilen<\/a><\/div>\n<\/div>\n<\/div><\/div>\n<\/div><\/section>\n\n\n\n<div class=\"wp-container-69f0ccf84bafe wp-block-group b-30-a\"><div class=\"wp-block-group__inner-container\">\n<div class=\"wp-block-columns are-vertically-aligned-center\">\n<div class=\"wp-block-column is-vertically-aligned-center\">\n<figure class=\"wp-block-gallery has-nested-images columns-default is-cropped diaporama--1\">\n<figure class=\"wp-block-image size-large\"><img loading=\"lazy\" width=\"1024\" height=\"681\" src=\"https:\/\/www.lacroixdusud.fr\/wp-content\/uploads\/2022\/09\/chambre-enfants-ophea-1024x681.jpg\" alt=\"\" class=\"wp-image-1707\" srcset=\"https:\/\/www.lacroixdusud.fr\/wp-content\/uploads\/2022\/09\/chambre-enfants-ophea-1024x681.jpg 1024w, https:\/\/www.lacroixdusud.fr\/wp-content\/uploads\/2022\/09\/chambre-enfants-ophea-300x200.jpg 300w, https:\/\/www.lacroixdusud.fr\/wp-content\/uploads\/2022\/09\/chambre-enfants-ophea-768x511.jpg 768w, https:\/\/www.lacroixdusud.fr\/wp-content\/uploads\/2022\/09\/chambre-enfants-ophea-1536x1022.jpg 1536w, https:\/\/www.lacroixdusud.fr\/wp-content\/uploads\/2022\/09\/chambre-enfants-ophea.jpg 2000w\" sizes=\"(max-width: 1024px) 100vw, 1024px\" \/><\/figure>\n\n\n\n<figure class=\"wp-block-image size-large\"><img loading=\"lazy\" width=\"681\" height=\"1024\" src=\"https:\/\/www.lacroixdusud.fr\/wp-content\/uploads\/2022\/09\/chambre-parents-2-ophea-681x1024.jpg\" alt=\"\" class=\"wp-image-1708\" srcset=\"https:\/\/www.lacroixdusud.fr\/wp-content\/uploads\/2022\/09\/chambre-parents-2-ophea-681x1024.jpg 681w, https:\/\/www.lacroixdusud.fr\/wp-content\/uploads\/2022\/09\/chambre-parents-2-ophea-200x300.jpg 200w, https:\/\/www.lacroixdusud.fr\/wp-content\/uploads\/2022\/09\/chambre-parents-2-ophea-768x1154.jpg 768w, https:\/\/www.lacroixdusud.fr\/wp-content\/uploads\/2022\/09\/chambre-parents-2-ophea-1022x1536.jpg 1022w, https:\/\/www.lacroixdusud.fr\/wp-content\/uploads\/2022\/09\/chambre-parents-2-ophea.jpg 1331w\" sizes=\"(max-width: 681px) 100vw, 681px\" \/><\/figure>\n\n\n\n<figure class=\"wp-block-image size-large\"><img loading=\"lazy\" width=\"1024\" height=\"681\" src=\"https:\/\/www.lacroixdusud.fr\/wp-content\/uploads\/2022\/09\/ensemble-ophea-1024x681.jpg\" alt=\"\" class=\"wp-image-1714\" srcset=\"https:\/\/www.lacroixdusud.fr\/wp-content\/uploads\/2022\/09\/ensemble-ophea-1024x681.jpg 1024w, https:\/\/www.lacroixdusud.fr\/wp-content\/uploads\/2022\/09\/ensemble-ophea-300x200.jpg 300w, https:\/\/www.lacroixdusud.fr\/wp-content\/uploads\/2022\/09\/ensemble-ophea-768x511.jpg 768w, https:\/\/www.lacroixdusud.fr\/wp-content\/uploads\/2022\/09\/ensemble-ophea-1536x1022.jpg 1536w, https:\/\/www.lacroixdusud.fr\/wp-content\/uploads\/2022\/09\/ensemble-ophea.jpg 2000w\" sizes=\"(max-width: 1024px) 100vw, 1024px\" \/><\/figure>\n\n\n\n<figure class=\"wp-block-image size-large\"><img loading=\"lazy\" width=\"681\" height=\"1024\" src=\"https:\/\/www.lacroixdusud.fr\/wp-content\/uploads\/2022\/09\/salle-de-bain-2-ophea-681x1024.jpg\" alt=\"\" class=\"wp-image-1712\" srcset=\"https:\/\/www.lacroixdusud.fr\/wp-content\/uploads\/2022\/09\/salle-de-bain-2-ophea-681x1024.jpg 681w, https:\/\/www.lacroixdusud.fr\/wp-content\/uploads\/2022\/09\/salle-de-bain-2-ophea-200x300.jpg 200w, https:\/\/www.lacroixdusud.fr\/wp-content\/uploads\/2022\/09\/salle-de-bain-2-ophea-768x1154.jpg 768w, https:\/\/www.lacroixdusud.fr\/wp-content\/uploads\/2022\/09\/salle-de-bain-2-ophea-1022x1536.jpg 1022w, https:\/\/www.lacroixdusud.fr\/wp-content\/uploads\/2022\/09\/salle-de-bain-2-ophea.jpg 1331w\" sizes=\"(max-width: 681px) 100vw, 681px\" \/><\/figure>\n\n\n\n<figure class=\"wp-block-image size-large\"><img loading=\"lazy\" width=\"1024\" height=\"681\" src=\"https:\/\/www.lacroixdusud.fr\/wp-content\/uploads\/2022\/09\/sejour-ophea-1024x681.jpg\" alt=\"\" class=\"wp-image-1716\" srcset=\"https:\/\/www.lacroixdusud.fr\/wp-content\/uploads\/2022\/09\/sejour-ophea-1024x681.jpg 1024w, https:\/\/www.lacroixdusud.fr\/wp-content\/uploads\/2022\/09\/sejour-ophea-300x200.jpg 300w, https:\/\/www.lacroixdusud.fr\/wp-content\/uploads\/2022\/09\/sejour-ophea-768x511.jpg 768w, https:\/\/www.lacroixdusud.fr\/wp-content\/uploads\/2022\/09\/sejour-ophea-1536x1022.jpg 1536w, https:\/\/www.lacroixdusud.fr\/wp-content\/uploads\/2022\/09\/sejour-ophea.jpg 2000w\" sizes=\"(max-width: 1024px) 100vw, 1024px\" \/><\/figure>\n<\/figure>\n<\/div>\n\n\n\n<div class=\"wp-block-column is-vertically-aligned-center\">\n<h3 class=\"titre\" id=\"le-petit-du-mobil-home-o-phea\">Das kleine + des Mobilheims O&#8217;Ph\u00e9a<\/h3>\n\n\n\n<ul class=\"pictos\"><li><i class=\"far fa-family\"><\/i> Gut ausgestattetes Mobilheim, funktionell mit seinen 3 Schlafzimmern. Empfohlen f\u00fcr gro\u00dfe Familien.<\/li><li>Klimaanlage, TV, voll ausgestattet!<\/li><\/ul>\n\n\n\n<p><em>Nicht vertragsgem\u00e4\u00dfe Fotos<\/em><\/p>\n\n\n\n<div class=\"wp-container-69f0ccf84b7a5 wp-block-buttons\">\n<div class=\"wp-block-button fancybox\"><a class=\"wp-block-button__link\" href=\"https:\/\/www.lacroixdusud.fr\/wp-content\/uploads\/2022\/09\/Ophea.jpg\">Plan des Wohnmobils<\/a><\/div>\n\n\n\n<div class=\"wp-block-button\"><a class=\"wp-block-button__link\" href=\"\/wp-content\/themes\/francecom\/videos\/ophea\/Ophea.html\">Virtual tour<\/a><\/div>\n<\/div>\n<\/div>\n<\/div>\n<\/div><\/div>\n\n\n\n<section class=\"wp-container-69f0ccf84bf0a wp-block-group\"><div class=\"wp-block-group__inner-container\">\n<div class=\"wp-block-columns\">\n<div class=\"wp-block-column\" style=\"flex-basis:30%\">\n<h3 class=\"titre\" id=\"equipement-du-mobil-home-o-phea\">Ausstattung des Mobilheims O&#8217;Ph\u00e9a<\/h3>\n\n\n\n<ul><li><strong>Fernsehen und Klimaanlage<\/strong><\/li><li>Separate Dusche\/WC<\/li><li>Sp\u00fcle \/ 4-Flammen-Gaskochfeld \/ K\u00fchl- und Gefrierschrank \/ Kaffeemaschine \/ Mikrowelle<\/li><li>Geschirr \/ Gartenm\u00f6bel<\/li><li>erh\u00f6hte Holzterrasse + Plane.<\/li><\/ul>\n\n\n\n<p><em>DECKEN UND KOPFKISSEN WERDEN BEREITGESTELLT.<\/em><\/p>\n<\/div>\n\n\n\n<div class=\"wp-block-column\">\n<h2 id=\"les-tarifs-du-mobil-home-o-phea\">Die Preise des Mobilheims O&#8217;Ph\u00e9a<\/h2>\n\n\n\n<ctv-availability data-product-id=\"149442\" data-background-color=\"#FFFFFFFF\"><\/ctv-availability>\n<\/div>\n<\/div>\n<\/div><\/section>\n","protected":false},"featured_media":4496,"template":"","meta":[],"cat-type":[66],"acf":[],"_links":{"self":[{"href":"https:\/\/www.lacroixdusud.fr\/de\/wp-json\/wp\/v2\/locations\/5058"}],"collection":[{"href":"https:\/\/www.lacroixdusud.fr\/de\/wp-json\/wp\/v2\/locations"}],"about":[{"href":"https:\/\/www.lacroixdusud.fr\/de\/wp-json\/wp\/v2\/types\/locations"}],"version-history":[{"count":2,"href":"https:\/\/www.lacroixdusud.fr\/de\/wp-json\/wp\/v2\/locations\/5058\/revisions"}],"predecessor-version":[{"id":7794,"href":"https:\/\/www.lacroixdusud.fr\/de\/wp-json\/wp\/v2\/locations\/5058\/revisions\/7794"}],"wp:featuredmedia":[{"embeddable":true,"href":"https:\/\/www.lacroixdusud.fr\/de\/wp-json\/wp\/v2\/media\/4496"}],"wp:attachment":[{"href":"https:\/\/www.lacroixdusud.fr\/de\/wp-json\/wp\/v2\/media?parent=5058"}],"wp:term":[{"taxonomy":"cat-type","embeddable":true,"href":"https:\/\/www.lacroixdusud.fr\/de\/wp-json\/wp\/v2\/cat-type?post=5058"}],"curies":[{"name":"wp","href":"https:\/\/api.w.org\/{rel}","templated":true}]}}