{"id":5060,"date":"2023-12-06T15:16:17","date_gmt":"2023-12-06T14:16:17","guid":{"rendered":"https:\/\/www.lacroixdusud.fr\/locations\/mobil-home-domino\/"},"modified":"2026-03-26T10:05:10","modified_gmt":"2026-03-26T09:05:10","slug":"mobil-home-domino","status":"publish","type":"locations","link":"https:\/\/www.lacroixdusud.fr\/de\/locations\/mobil-home-domino\/","title":{"rendered":"Mobil Home Domino"},"content":{"rendered":"\n<section class=\"wp-container-69f0cffd5641b wp-block-group a-00-a\"><div class=\"wp-block-group__inner-container\">\n<div class=\"wp-block-cover alignfull is-light\"><span aria-hidden=\"true\" class=\"has-bleu-background-color has-background-dim-0 wp-block-cover__gradient-background has-background-dim\"><\/span><img loading=\"lazy\" width=\"2000\" height=\"1331\" class=\"wp-block-cover__image-background wp-image-1684\" alt=\"\" src=\"https:\/\/www.lacroixdusud.fr\/wp-content\/uploads\/2022\/09\/terrasse-domino.jpg\" style=\"object-position:63% 69%\" data-object-fit=\"cover\" data-object-position=\"63% 69%\" srcset=\"https:\/\/www.lacroixdusud.fr\/wp-content\/uploads\/2022\/09\/terrasse-domino.jpg 2000w, https:\/\/www.lacroixdusud.fr\/wp-content\/uploads\/2022\/09\/terrasse-domino-300x200.jpg 300w, https:\/\/www.lacroixdusud.fr\/wp-content\/uploads\/2022\/09\/terrasse-domino-1024x681.jpg 1024w, https:\/\/www.lacroixdusud.fr\/wp-content\/uploads\/2022\/09\/terrasse-domino-768x511.jpg 768w, https:\/\/www.lacroixdusud.fr\/wp-content\/uploads\/2022\/09\/terrasse-domino-1536x1022.jpg 1536w\" sizes=\"(max-width: 2000px) 100vw, 2000px\" \/><div class=\"wp-block-cover__inner-container\">\n<p class=\"has-text-align-center has-large-font-size\"><\/p>\n<\/div><\/div>\n\n\n\n<div class=\"wp-container-69f0cffd56108 wp-block-group intro\"><div class=\"wp-block-group__inner-container\">\n<h1 class=\"has-text-align-center\" id=\"coco-sweet-16-m\u00b24-personnes-2-chambres\">Mobilheimvermietung in Barcar\u00e8s : Domino<\/h1>\n\n\n\n<p class=\"has-text-align-center gamme\">Essential-Reihe<\/p>\n\n\n\n<h2 class=\"has-text-align-center h3\" id=\"coco-sweet-16-m\u00b24-personnes-2-chambres\">Mobilheim Domino &#8211; 25 m\u00b2 &#8211; 4 Personen +1 Baby (-2Jahre) &#8211; 2 Zimmer <\/h2>\n\n\n\n<p class=\"has-text-align-center\">Toit 2 pentes \u2013 2 chambres : 1 lit double 140\u00d7190 \u2013 2 lits simples 80\u00d7190 + 1 lit b\u00e9b\u00e9 \u00e0 barreaux \u2013 table, 4 chaises et t\u00e9l\u00e9vision dans le salon, pas de banquette <\/p>\n\n\n\n<div class=\"wp-container-69f0cffd55de8 wp-block-buttons\">\n<div class=\"wp-block-button back_btn\"><a class=\"wp-block-button__link\" href=\"https:\/\/www.lacroixdusud.fr\/de\/mobil-homes-barcares\/\">Zur\u00fcck zu den Wohnmobilen<\/a><\/div>\n<\/div>\n<\/div><\/div>\n<\/div><\/section>\n\n\n\n<div class=\"wp-container-69f0cffd56c6f wp-block-group b-30-a\"><div class=\"wp-block-group__inner-container\">\n<div class=\"wp-block-columns are-vertically-aligned-center\">\n<div class=\"wp-block-column is-vertically-aligned-center\">\n<figure class=\"wp-block-gallery has-nested-images columns-default is-cropped diaporama--1\">\n<figure class=\"wp-block-image size-large\"><img loading=\"lazy\" width=\"1024\" height=\"681\" src=\"https:\/\/www.lacroixdusud.fr\/wp-content\/uploads\/2022\/09\/chambre-enfants-domino-1024x681.jpg\" alt=\"\" class=\"wp-image-1687\" srcset=\"https:\/\/www.lacroixdusud.fr\/wp-content\/uploads\/2022\/09\/chambre-enfants-domino-1024x681.jpg 1024w, https:\/\/www.lacroixdusud.fr\/wp-content\/uploads\/2022\/09\/chambre-enfants-domino-300x200.jpg 300w, https:\/\/www.lacroixdusud.fr\/wp-content\/uploads\/2022\/09\/chambre-enfants-domino-768x511.jpg 768w, https:\/\/www.lacroixdusud.fr\/wp-content\/uploads\/2022\/09\/chambre-enfants-domino-1536x1022.jpg 1536w, https:\/\/www.lacroixdusud.fr\/wp-content\/uploads\/2022\/09\/chambre-enfants-domino.jpg 2000w\" sizes=\"(max-width: 1024px) 100vw, 1024px\" \/><\/figure>\n\n\n\n<figure class=\"wp-block-image size-large\"><img loading=\"lazy\" width=\"1024\" height=\"681\" src=\"https:\/\/www.lacroixdusud.fr\/wp-content\/uploads\/2022\/09\/chambre-parents-domino-1024x681.jpg\" alt=\"\" class=\"wp-image-1689\" srcset=\"https:\/\/www.lacroixdusud.fr\/wp-content\/uploads\/2022\/09\/chambre-parents-domino-1024x681.jpg 1024w, https:\/\/www.lacroixdusud.fr\/wp-content\/uploads\/2022\/09\/chambre-parents-domino-300x200.jpg 300w, https:\/\/www.lacroixdusud.fr\/wp-content\/uploads\/2022\/09\/chambre-parents-domino-768x511.jpg 768w, https:\/\/www.lacroixdusud.fr\/wp-content\/uploads\/2022\/09\/chambre-parents-domino-1536x1022.jpg 1536w, https:\/\/www.lacroixdusud.fr\/wp-content\/uploads\/2022\/09\/chambre-parents-domino.jpg 2000w\" sizes=\"(max-width: 1024px) 100vw, 1024px\" \/><\/figure>\n\n\n\n<figure class=\"wp-block-image size-large\"><img loading=\"lazy\" width=\"1024\" height=\"681\" src=\"https:\/\/www.lacroixdusud.fr\/wp-content\/uploads\/2022\/09\/cuisine-domino-1024x681.jpg\" alt=\"\" class=\"wp-image-1692\" srcset=\"https:\/\/www.lacroixdusud.fr\/wp-content\/uploads\/2022\/09\/cuisine-domino-1024x681.jpg 1024w, https:\/\/www.lacroixdusud.fr\/wp-content\/uploads\/2022\/09\/cuisine-domino-300x200.jpg 300w, https:\/\/www.lacroixdusud.fr\/wp-content\/uploads\/2022\/09\/cuisine-domino-768x511.jpg 768w, https:\/\/www.lacroixdusud.fr\/wp-content\/uploads\/2022\/09\/cuisine-domino-1536x1022.jpg 1536w, https:\/\/www.lacroixdusud.fr\/wp-content\/uploads\/2022\/09\/cuisine-domino.jpg 2000w\" sizes=\"(max-width: 1024px) 100vw, 1024px\" \/><\/figure>\n\n\n\n<figure class=\"wp-block-image size-large\"><img loading=\"lazy\" width=\"1024\" height=\"681\" src=\"https:\/\/www.lacroixdusud.fr\/wp-content\/uploads\/2022\/09\/sejour-domino-1024x681.jpg\" alt=\"\" class=\"wp-image-1693\" srcset=\"https:\/\/www.lacroixdusud.fr\/wp-content\/uploads\/2022\/09\/sejour-domino-1024x681.jpg 1024w, https:\/\/www.lacroixdusud.fr\/wp-content\/uploads\/2022\/09\/sejour-domino-300x200.jpg 300w, https:\/\/www.lacroixdusud.fr\/wp-content\/uploads\/2022\/09\/sejour-domino-768x511.jpg 768w, https:\/\/www.lacroixdusud.fr\/wp-content\/uploads\/2022\/09\/sejour-domino-1536x1022.jpg 1536w, https:\/\/www.lacroixdusud.fr\/wp-content\/uploads\/2022\/09\/sejour-domino.jpg 2000w\" sizes=\"(max-width: 1024px) 100vw, 1024px\" \/><\/figure>\n<\/figure>\n<\/div>\n\n\n\n<div class=\"wp-block-column is-vertically-aligned-center\">\n<h3 class=\"titre\" id=\"le-petit-du-mobil-home-domino\">Das kleine + des Mobilheims Domino<\/h3>\n\n\n\n<ul class=\"pictos\"><li><i class=\"far fa-baby\"><\/i> Ger\u00e4umig + Babybett mit Gitterst\u00e4ben bereitgestellt<\/li><li><i class=\"far fa-family\"><\/i> G\u00fcnstiger Tarif f\u00fcr Eltern mit Kleinkindern<\/li><\/ul>\n\n\n\n<p><em>Nicht vertragsgem\u00e4\u00dfe Fotos<\/em><\/p>\n\n\n\n<div class=\"wp-container-69f0cffd56906 wp-block-buttons\">\n<div class=\"wp-block-button fancybox\"><a class=\"wp-block-button__link\" href=\"https:\/\/www.lacroixdusud.fr\/wp-content\/uploads\/2022\/09\/Domino.jpg\">Plan des Wohnmobils<\/a><\/div>\n\n\n\n<div class=\"wp-block-button\"><a class=\"wp-block-button__link\" href=\"\/wp-content\/themes\/francecom\/videos\/domino\/domino.html\">Virtual tour<\/a><\/div>\n<\/div>\n<\/div>\n<\/div>\n<\/div><\/div>\n\n\n\n<section class=\"wp-container-69f0cffd5708f wp-block-group\"><div class=\"wp-block-group__inner-container\">\n<div class=\"wp-block-columns\">\n<div class=\"wp-block-column\" style=\"flex-basis:30%\">\n<h3 class=\"titre\" id=\"equipement-du-mobil-home-domino\">Ausstattung des Mobilheims Domino<\/h3>\n\n\n\n<ul><li>Dusche und WC nicht getrennt, Sp\u00fcle<\/li><li>Fernseher, keine Sitzbank im Wohnzimmer<\/li><li>2-Flammen-Gaskochfeld<\/li><li>K\u00fchlschrank<\/li><li>elektrische Kaffeemaschine<\/li><li>Geschirr<\/li><li>Gartenm\u00f6bel<\/li><li>erh\u00f6hte Holzterrasse + Plane.<\/li><\/ul>\n\n\n\n<p><em>DECKEN UND KOPFKISSEN WERDEN BEREITGESTELLT.<\/em><\/p>\n<\/div>\n\n\n\n<div class=\"wp-block-column\">\n<h2 id=\"les-tarifs-du-mobil-home-domino\">Die Preise f\u00fcr das Mobilheim Domino<\/h2>\n\n\n\n<ctv-availability data-product-id=\"149430, 149432\" data-background-color=\"#FFFFFFFF\"><\/ctv-availability>\n<\/div>\n<\/div>\n<\/div><\/section>\n","protected":false},"featured_media":4432,"template":"","meta":[],"cat-type":[66],"acf":[],"_links":{"self":[{"href":"https:\/\/www.lacroixdusud.fr\/de\/wp-json\/wp\/v2\/locations\/5060"}],"collection":[{"href":"https:\/\/www.lacroixdusud.fr\/de\/wp-json\/wp\/v2\/locations"}],"about":[{"href":"https:\/\/www.lacroixdusud.fr\/de\/wp-json\/wp\/v2\/types\/locations"}],"version-history":[{"count":2,"href":"https:\/\/www.lacroixdusud.fr\/de\/wp-json\/wp\/v2\/locations\/5060\/revisions"}],"predecessor-version":[{"id":7789,"href":"https:\/\/www.lacroixdusud.fr\/de\/wp-json\/wp\/v2\/locations\/5060\/revisions\/7789"}],"wp:featuredmedia":[{"embeddable":true,"href":"https:\/\/www.lacroixdusud.fr\/de\/wp-json\/wp\/v2\/media\/4432"}],"wp:attachment":[{"href":"https:\/\/www.lacroixdusud.fr\/de\/wp-json\/wp\/v2\/media?parent=5060"}],"wp:term":[{"taxonomy":"cat-type","embeddable":true,"href":"https:\/\/www.lacroixdusud.fr\/de\/wp-json\/wp\/v2\/cat-type?post=5060"}],"curies":[{"name":"wp","href":"https:\/\/api.w.org\/{rel}","templated":true}]}}