{"id":2409,"date":"2022-10-13T16:50:58","date_gmt":"2022-10-13T14:50:58","guid":{"rendered":"https:\/\/www.lacroixdusud.fr\/locations\/mobil-home-helios\/"},"modified":"2026-03-26T09:57:21","modified_gmt":"2026-03-26T08:57:21","slug":"mobil-home-helios","status":"publish","type":"locations","link":"https:\/\/www.lacroixdusud.fr\/en\/locations\/mobil-home-helios\/","title":{"rendered":"Mobil Home H\u00e9lios"},"content":{"rendered":"\n<section class=\"wp-container-69f0c8fe07f85 wp-block-group a-00-a\"><div class=\"wp-block-group__inner-container\">\n<div class=\"wp-block-cover alignfull is-light\"><span aria-hidden=\"true\" class=\"has-bleu-background-color has-background-dim-0 wp-block-cover__gradient-background has-background-dim\"><\/span><img loading=\"lazy\" width=\"2000\" height=\"1331\" class=\"wp-block-cover__image-background wp-image-1770\" alt=\"\" src=\"https:\/\/www.lacroixdusud.fr\/wp-content\/uploads\/2022\/09\/terrasse-4-helios.jpg\" style=\"object-position:62% 95%\" data-object-fit=\"cover\" data-object-position=\"62% 95%\" srcset=\"https:\/\/www.lacroixdusud.fr\/wp-content\/uploads\/2022\/09\/terrasse-4-helios.jpg 2000w, https:\/\/www.lacroixdusud.fr\/wp-content\/uploads\/2022\/09\/terrasse-4-helios-300x200.jpg 300w, https:\/\/www.lacroixdusud.fr\/wp-content\/uploads\/2022\/09\/terrasse-4-helios-1024x681.jpg 1024w, https:\/\/www.lacroixdusud.fr\/wp-content\/uploads\/2022\/09\/terrasse-4-helios-768x511.jpg 768w, https:\/\/www.lacroixdusud.fr\/wp-content\/uploads\/2022\/09\/terrasse-4-helios-1536x1022.jpg 1536w\" sizes=\"(max-width: 2000px) 100vw, 2000px\" \/><div class=\"wp-block-cover__inner-container\">\n<p class=\"has-text-align-center has-large-font-size\"><\/p>\n<\/div><\/div>\n\n\n\n<div class=\"wp-container-69f0c8fe07c55 wp-block-group intro\"><div class=\"wp-block-group__inner-container\">\n<h1 class=\"has-text-align-center\" id=\"coco-sweet-16-m\u00b24-personnes-2-chambres\">Mobile home rental in Languedoc Roussillon : H\u00e9lios<\/h1>\n\n\n\n<p class=\"has-text-align-center gamme\">Comfort Range<\/p>\n\n\n\n<h2 class=\"has-text-align-center h3\" id=\"coco-sweet-16-m\u00b24-personnes-2-chambres\">Mobil Home H\u00e9lios &#8211; 32 m\u00b2 &#8211; 4\/5 persons &#8211; Air-conditioned &#8211; Accessible PMR<\/h2>\n\n\n\n<p class=\"has-text-align-center\"><strong>Priority access for people with reduced mobility<\/strong>. 2-slope roof &#8211; 32 m\u00b2 &#8211; air-conditioning &#8211; shower\/WC not separate. Raised wooden deck + tarp + access ramp. 2 bedrooms : 2 twin beds 90\u00d7190 (= a large bed 180\u00d7190) 1 single bed 90\u00d7190 &#8211; 1 raised bed 70\u00d7190 &#8211; 1 convertible bench 1 place.<\/p>\n\n\n\n<div class=\"wp-container-69f0c8fe07936 wp-block-buttons\">\n<div class=\"wp-block-button back_btn\"><a class=\"wp-block-button__link\" href=\"https:\/\/www.lacroixdusud.fr\/en\/mobile-homes\/\">Back to mobile homes<\/a><\/div>\n<\/div>\n<\/div><\/div>\n<\/div><\/section>\n\n\n\n<div class=\"wp-container-69f0c8fe087f4 wp-block-group b-30-a\"><div class=\"wp-block-group__inner-container\">\n<div class=\"wp-block-columns are-vertically-aligned-center\">\n<div class=\"wp-block-column is-vertically-aligned-center\">\n<figure class=\"wp-block-gallery has-nested-images columns-default is-cropped diaporama--1\">\n<figure class=\"wp-block-image size-large\"><img loading=\"lazy\" width=\"1024\" height=\"681\" src=\"https:\/\/www.lacroixdusud.fr\/wp-content\/uploads\/2022\/09\/chambre-enfants-2-helios-1024x681.jpg\" alt=\"\" class=\"wp-image-1773\" srcset=\"https:\/\/www.lacroixdusud.fr\/wp-content\/uploads\/2022\/09\/chambre-enfants-2-helios-1024x681.jpg 1024w, https:\/\/www.lacroixdusud.fr\/wp-content\/uploads\/2022\/09\/chambre-enfants-2-helios-300x200.jpg 300w, https:\/\/www.lacroixdusud.fr\/wp-content\/uploads\/2022\/09\/chambre-enfants-2-helios-768x511.jpg 768w, https:\/\/www.lacroixdusud.fr\/wp-content\/uploads\/2022\/09\/chambre-enfants-2-helios-1536x1022.jpg 1536w, https:\/\/www.lacroixdusud.fr\/wp-content\/uploads\/2022\/09\/chambre-enfants-2-helios.jpg 2000w\" sizes=\"(max-width: 1024px) 100vw, 1024px\" \/><\/figure>\n\n\n\n<figure class=\"wp-block-image size-large\"><img loading=\"lazy\" width=\"1024\" height=\"681\" src=\"https:\/\/www.lacroixdusud.fr\/wp-content\/uploads\/2022\/09\/chambre-parents-helios-1024x681.jpg\" alt=\"\" class=\"wp-image-1774\" srcset=\"https:\/\/www.lacroixdusud.fr\/wp-content\/uploads\/2022\/09\/chambre-parents-helios-1024x681.jpg 1024w, https:\/\/www.lacroixdusud.fr\/wp-content\/uploads\/2022\/09\/chambre-parents-helios-300x200.jpg 300w, https:\/\/www.lacroixdusud.fr\/wp-content\/uploads\/2022\/09\/chambre-parents-helios-768x511.jpg 768w, https:\/\/www.lacroixdusud.fr\/wp-content\/uploads\/2022\/09\/chambre-parents-helios-1536x1022.jpg 1536w, https:\/\/www.lacroixdusud.fr\/wp-content\/uploads\/2022\/09\/chambre-parents-helios.jpg 2000w\" sizes=\"(max-width: 1024px) 100vw, 1024px\" \/><\/figure>\n\n\n\n<figure class=\"wp-block-image size-large\"><img loading=\"lazy\" width=\"1024\" height=\"681\" src=\"https:\/\/www.lacroixdusud.fr\/wp-content\/uploads\/2022\/09\/ensemble-2-helios-1-1024x681.jpg\" alt=\"\" class=\"wp-image-1791\" srcset=\"https:\/\/www.lacroixdusud.fr\/wp-content\/uploads\/2022\/09\/ensemble-2-helios-1-1024x681.jpg 1024w, https:\/\/www.lacroixdusud.fr\/wp-content\/uploads\/2022\/09\/ensemble-2-helios-1-300x200.jpg 300w, https:\/\/www.lacroixdusud.fr\/wp-content\/uploads\/2022\/09\/ensemble-2-helios-1-768x511.jpg 768w, https:\/\/www.lacroixdusud.fr\/wp-content\/uploads\/2022\/09\/ensemble-2-helios-1-1536x1022.jpg 1536w, https:\/\/www.lacroixdusud.fr\/wp-content\/uploads\/2022\/09\/ensemble-2-helios-1.jpg 2000w\" sizes=\"(max-width: 1024px) 100vw, 1024px\" \/><\/figure>\n\n\n\n<figure class=\"wp-block-image size-large\"><img loading=\"lazy\" width=\"1024\" height=\"681\" src=\"https:\/\/www.lacroixdusud.fr\/wp-content\/uploads\/2022\/09\/ensemble-5-helios-1-1024x681.jpg\" alt=\"\" class=\"wp-image-1794\" srcset=\"https:\/\/www.lacroixdusud.fr\/wp-content\/uploads\/2022\/09\/ensemble-5-helios-1-1024x681.jpg 1024w, https:\/\/www.lacroixdusud.fr\/wp-content\/uploads\/2022\/09\/ensemble-5-helios-1-300x200.jpg 300w, https:\/\/www.lacroixdusud.fr\/wp-content\/uploads\/2022\/09\/ensemble-5-helios-1-768x511.jpg 768w, https:\/\/www.lacroixdusud.fr\/wp-content\/uploads\/2022\/09\/ensemble-5-helios-1-1536x1022.jpg 1536w, https:\/\/www.lacroixdusud.fr\/wp-content\/uploads\/2022\/09\/ensemble-5-helios-1.jpg 2000w\" sizes=\"(max-width: 1024px) 100vw, 1024px\" \/><\/figure>\n\n\n\n<figure class=\"wp-block-image size-large\"><img loading=\"lazy\" width=\"1024\" height=\"681\" src=\"https:\/\/www.lacroixdusud.fr\/wp-content\/uploads\/2022\/09\/salle-de-bain-2-helios-1024x681.jpg\" alt=\"\" class=\"wp-image-1775\" srcset=\"https:\/\/www.lacroixdusud.fr\/wp-content\/uploads\/2022\/09\/salle-de-bain-2-helios-1024x681.jpg 1024w, https:\/\/www.lacroixdusud.fr\/wp-content\/uploads\/2022\/09\/salle-de-bain-2-helios-300x200.jpg 300w, https:\/\/www.lacroixdusud.fr\/wp-content\/uploads\/2022\/09\/salle-de-bain-2-helios-768x511.jpg 768w, https:\/\/www.lacroixdusud.fr\/wp-content\/uploads\/2022\/09\/salle-de-bain-2-helios-1536x1022.jpg 1536w, https:\/\/www.lacroixdusud.fr\/wp-content\/uploads\/2022\/09\/salle-de-bain-2-helios.jpg 2000w\" sizes=\"(max-width: 1024px) 100vw, 1024px\" \/><\/figure>\n\n\n\n<figure class=\"wp-block-image size-large\"><img loading=\"lazy\" width=\"1024\" height=\"681\" src=\"https:\/\/www.lacroixdusud.fr\/wp-content\/uploads\/2022\/09\/terrasse-3-helios-1024x681.jpg\" alt=\"\" class=\"wp-image-1779\" srcset=\"https:\/\/www.lacroixdusud.fr\/wp-content\/uploads\/2022\/09\/terrasse-3-helios-1024x681.jpg 1024w, https:\/\/www.lacroixdusud.fr\/wp-content\/uploads\/2022\/09\/terrasse-3-helios-300x200.jpg 300w, https:\/\/www.lacroixdusud.fr\/wp-content\/uploads\/2022\/09\/terrasse-3-helios-768x511.jpg 768w, https:\/\/www.lacroixdusud.fr\/wp-content\/uploads\/2022\/09\/terrasse-3-helios-1536x1022.jpg 1536w, https:\/\/www.lacroixdusud.fr\/wp-content\/uploads\/2022\/09\/terrasse-3-helios.jpg 2000w\" sizes=\"(max-width: 1024px) 100vw, 1024px\" \/><\/figure>\n<\/figure>\n<\/div>\n\n\n\n<div class=\"wp-block-column is-vertically-aligned-center\">\n<h3 class=\"titre\" id=\"le-petit-du-mobil-home-helios\">The little plus of the H\u00e9lios mobile home<\/h3>\n\n\n\n<ul class=\"pictos\"><li><i class=\"far fa-wheelchair-move\"><\/i>  Totally adapted for people with reduced mobility.<\/li><li><i class=\"far fa-trees\"><\/i>  Very shaded pitches.<\/li><\/ul>\n\n\n\n<p><em>Non contractual photos<\/em><\/p>\n\n\n\n<div class=\"wp-container-69f0c8fe084e0 wp-block-buttons\">\n<div class=\"wp-block-button fancybox\"><a class=\"wp-block-button__link\" href=\"https:\/\/www.lacroixdusud.fr\/wp-content\/uploads\/2022\/09\/Helios1.jpg\">Map of the Mobil home<\/a><\/div>\n\n\n\n<div class=\"wp-block-button\"><a class=\"wp-block-button__link\" href=\"\/wp-content\/themes\/francecom\/videos\/helios\/Heliosgc.html\" target=\"_blank\" rel=\"noreferrer noopener\">Virtual visit<\/a><\/div>\n<\/div>\n<\/div>\n<\/div>\n<\/div><\/div>\n\n\n\n<section class=\"wp-container-69f0c8fe08c03 wp-block-group\"><div class=\"wp-block-group__inner-container\">\n<div class=\"wp-block-columns\">\n<div class=\"wp-block-column\" style=\"flex-basis:30%\">\n<h3 class=\"titre\" id=\"equipement-du-mobil-home-helios\">Equipment of the mobile home H\u00e9lios<\/h3>\n\n\n\n<ul><li><strong>Television<\/strong><\/li><li>Air conditioning<\/li><li>Shower, WC not separate, adapted for PMR<\/li><li>Sink<\/li><li>Tableware<\/li><li>4 burner gas hob, fridge-freezer, electric coffee maker, microwave<\/li><li>Raised wooden terrace + tarp + <strong>access ramp<\/strong> \/ garden furniture.<\/li><\/ul>\n\n\n\n<p><em>BLANKETS AND PILLOWS PROVIDED.<\/em><\/p>\n<\/div>\n\n\n\n<div class=\"wp-block-column\">\n<h2 id=\"les-tarifs-du-mobil-home-helios\">Rates for the Helios mobile home<\/h2>\n\n\n\n<ctv-availability data-product-id=\"149439\" data-background-color=\"#FFFFFFFF\" ><\/ctv-availability>\n<\/div>\n<\/div>\n<\/div><\/section>\n","protected":false},"featured_media":1771,"template":"","meta":[],"cat-type":[40],"acf":[],"_links":{"self":[{"href":"https:\/\/www.lacroixdusud.fr\/en\/wp-json\/wp\/v2\/locations\/2409"}],"collection":[{"href":"https:\/\/www.lacroixdusud.fr\/en\/wp-json\/wp\/v2\/locations"}],"about":[{"href":"https:\/\/www.lacroixdusud.fr\/en\/wp-json\/wp\/v2\/types\/locations"}],"version-history":[{"count":6,"href":"https:\/\/www.lacroixdusud.fr\/en\/wp-json\/wp\/v2\/locations\/2409\/revisions"}],"predecessor-version":[{"id":7768,"href":"https:\/\/www.lacroixdusud.fr\/en\/wp-json\/wp\/v2\/locations\/2409\/revisions\/7768"}],"wp:featuredmedia":[{"embeddable":true,"href":"https:\/\/www.lacroixdusud.fr\/en\/wp-json\/wp\/v2\/media\/1771"}],"wp:attachment":[{"href":"https:\/\/www.lacroixdusud.fr\/en\/wp-json\/wp\/v2\/media?parent=2409"}],"wp:term":[{"taxonomy":"cat-type","embeddable":true,"href":"https:\/\/www.lacroixdusud.fr\/en\/wp-json\/wp\/v2\/cat-type?post=2409"}],"curies":[{"name":"wp","href":"https:\/\/api.w.org\/{rel}","templated":true}]}}