{"id":2397,"date":"2022-10-13T16:49:55","date_gmt":"2022-10-13T14:49:55","guid":{"rendered":"https:\/\/www.lacroixdusud.fr\/locations\/mobil-home-twiny\/"},"modified":"2026-03-26T09:23:49","modified_gmt":"2026-03-26T08:23:49","slug":"mobil-home-twiny","status":"publish","type":"locations","link":"https:\/\/www.lacroixdusud.fr\/es\/locations\/mobil-home-twiny\/","title":{"rendered":"Mobil Home Twiny"},"content":{"rendered":"\n<section class=\"wp-container-69f31452e7f34 wp-block-group a-00-a\"><div class=\"wp-block-group__inner-container\">\n<div class=\"wp-block-cover alignfull\"><span aria-hidden=\"true\" class=\"has-bleu-background-color has-background-dim-0 wp-block-cover__gradient-background has-background-dim\"><\/span><img loading=\"lazy\" width=\"1200\" height=\"800\" class=\"wp-block-cover__image-background wp-image-2892\" alt=\"Exterieur MH Twiny Terrasse\" src=\"https:\/\/www.lacroixdusud.fr\/wp-content\/uploads\/2022\/09\/twiny-terrasse-1.jpg\" style=\"object-position:71% 55%\" data-object-fit=\"cover\" data-object-position=\"71% 55%\" srcset=\"https:\/\/www.lacroixdusud.fr\/wp-content\/uploads\/2022\/09\/twiny-terrasse-1.jpg 1200w, https:\/\/www.lacroixdusud.fr\/wp-content\/uploads\/2022\/09\/twiny-terrasse-1-300x200.jpg 300w, https:\/\/www.lacroixdusud.fr\/wp-content\/uploads\/2022\/09\/twiny-terrasse-1-1024x683.jpg 1024w, https:\/\/www.lacroixdusud.fr\/wp-content\/uploads\/2022\/09\/twiny-terrasse-1-768x512.jpg 768w\" sizes=\"(max-width: 1200px) 100vw, 1200px\" \/><div class=\"wp-block-cover__inner-container\">\n<p class=\"has-text-align-center has-large-font-size\"><\/p>\n<\/div><\/div>\n\n\n\n<div class=\"wp-container-69f31452e7c09 wp-block-group intro\"><div class=\"wp-block-group__inner-container\">\n<h1 class=\"has-text-align-center\" id=\"coco-sweet-16-m\u00b24-personnes-2-chambres\">Alquiler de mobil home en Pirineos Orientales : Twiny<\/h1>\n\n\n\n<p class=\"has-text-align-center gamme\">Gama de diversi\u00f3n<\/p>\n\n\n\n<h2 class=\"has-text-align-center h3\" id=\"coco-sweet-16-m\u00b24-personnes-2-chambres\">Mobil home Twiny de 21 m\u00b2 para 2\/4 personas;<\/h2>\n\n\n\n<p class=\"has-text-align-center\">Techo a 2 aguas &#8211; 1 habitaci\u00f3n: 1 cama doble 140\u00d7190 &#8211; 1 sof\u00e1 cama de 1 plaza y media <\/p>\n\n\n\n<div class=\"wp-container-69f31452e78be wp-block-buttons\">\n<div class=\"wp-block-button back_btn\"><a class=\"wp-block-button__link\" href=\"https:\/\/www.lacroixdusud.fr\/es\/casas-moviles\/\">Volver a las casas m\u00f3viles<\/a><\/div>\n<\/div>\n<\/div><\/div>\n<\/div><\/section>\n\n\n\n<div class=\"wp-container-69f31452e87dc wp-block-group b-30-a\"><div class=\"wp-block-group__inner-container\">\n<div class=\"wp-block-columns are-vertically-aligned-center\">\n<div class=\"wp-block-column is-vertically-aligned-center\">\n<figure class=\"wp-block-gallery has-nested-images columns-default is-cropped diaporama--1\">\n<figure class=\"wp-block-image size-large\"><img loading=\"lazy\" width=\"1024\" height=\"683\" src=\"https:\/\/www.lacroixdusud.fr\/wp-content\/uploads\/2022\/09\/twiny-cuisine-1024x683.jpg\" alt=\"\" class=\"wp-image-1876\" srcset=\"https:\/\/www.lacroixdusud.fr\/wp-content\/uploads\/2022\/09\/twiny-cuisine-1024x683.jpg 1024w, https:\/\/www.lacroixdusud.fr\/wp-content\/uploads\/2022\/09\/twiny-cuisine-300x200.jpg 300w, https:\/\/www.lacroixdusud.fr\/wp-content\/uploads\/2022\/09\/twiny-cuisine-768x512.jpg 768w, https:\/\/www.lacroixdusud.fr\/wp-content\/uploads\/2022\/09\/twiny-cuisine.jpg 1200w\" sizes=\"(max-width: 1024px) 100vw, 1024px\" \/><\/figure>\n\n\n\n<figure class=\"wp-block-image size-large\"><img loading=\"lazy\" width=\"1024\" height=\"681\" src=\"https:\/\/www.lacroixdusud.fr\/wp-content\/uploads\/2022\/09\/twiny-salon-2-1024x681.jpg\" alt=\"\" class=\"wp-image-2903\" srcset=\"https:\/\/www.lacroixdusud.fr\/wp-content\/uploads\/2022\/09\/twiny-salon-2-1024x681.jpg 1024w, https:\/\/www.lacroixdusud.fr\/wp-content\/uploads\/2022\/09\/twiny-salon-2-300x200.jpg 300w, https:\/\/www.lacroixdusud.fr\/wp-content\/uploads\/2022\/09\/twiny-salon-2-768x511.jpg 768w, https:\/\/www.lacroixdusud.fr\/wp-content\/uploads\/2022\/09\/twiny-salon-2-1536x1022.jpg 1536w, https:\/\/www.lacroixdusud.fr\/wp-content\/uploads\/2022\/09\/twiny-salon-2.jpg 2000w\" sizes=\"(max-width: 1024px) 100vw, 1024px\" \/><\/figure>\n\n\n\n<figure class=\"wp-block-image size-large\"><img loading=\"lazy\" width=\"1024\" height=\"683\" src=\"https:\/\/www.lacroixdusud.fr\/wp-content\/uploads\/2022\/09\/twiny-sde-1024x683.jpg\" alt=\"\" class=\"wp-image-1877\" srcset=\"https:\/\/www.lacroixdusud.fr\/wp-content\/uploads\/2022\/09\/twiny-sde-1024x683.jpg 1024w, https:\/\/www.lacroixdusud.fr\/wp-content\/uploads\/2022\/09\/twiny-sde-300x200.jpg 300w, https:\/\/www.lacroixdusud.fr\/wp-content\/uploads\/2022\/09\/twiny-sde-768x512.jpg 768w, https:\/\/www.lacroixdusud.fr\/wp-content\/uploads\/2022\/09\/twiny-sde.jpg 1200w\" sizes=\"(max-width: 1024px) 100vw, 1024px\" \/><\/figure>\n\n\n\n<figure class=\"wp-block-image size-large\"><img loading=\"lazy\" width=\"1024\" height=\"683\" src=\"https:\/\/www.lacroixdusud.fr\/wp-content\/uploads\/2022\/09\/twiny-sejour-1024x683.jpg\" alt=\"\" class=\"wp-image-1885\" srcset=\"https:\/\/www.lacroixdusud.fr\/wp-content\/uploads\/2022\/09\/twiny-sejour-1024x683.jpg 1024w, https:\/\/www.lacroixdusud.fr\/wp-content\/uploads\/2022\/09\/twiny-sejour-300x200.jpg 300w, https:\/\/www.lacroixdusud.fr\/wp-content\/uploads\/2022\/09\/twiny-sejour-768x512.jpg 768w, https:\/\/www.lacroixdusud.fr\/wp-content\/uploads\/2022\/09\/twiny-sejour.jpg 1200w\" sizes=\"(max-width: 1024px) 100vw, 1024px\" \/><\/figure>\n\n\n\n<figure class=\"wp-block-image size-large\"><img loading=\"lazy\" width=\"1024\" height=\"683\" src=\"https:\/\/www.lacroixdusud.fr\/wp-content\/uploads\/2022\/09\/twiny-sejour2-1024x683.jpg\" alt=\"\" class=\"wp-image-1880\" srcset=\"https:\/\/www.lacroixdusud.fr\/wp-content\/uploads\/2022\/09\/twiny-sejour2-1024x683.jpg 1024w, https:\/\/www.lacroixdusud.fr\/wp-content\/uploads\/2022\/09\/twiny-sejour2-300x200.jpg 300w, https:\/\/www.lacroixdusud.fr\/wp-content\/uploads\/2022\/09\/twiny-sejour2-768x512.jpg 768w, https:\/\/www.lacroixdusud.fr\/wp-content\/uploads\/2022\/09\/twiny-sejour2.jpg 1200w\" sizes=\"(max-width: 1024px) 100vw, 1024px\" \/><\/figure>\n\n\n\n<figure class=\"wp-block-image size-large\"><img loading=\"lazy\" width=\"1024\" height=\"683\" src=\"https:\/\/www.lacroixdusud.fr\/wp-content\/uploads\/2022\/09\/twiny-terrasse-1024x683.jpg\" alt=\"\" class=\"wp-image-1886\" srcset=\"https:\/\/www.lacroixdusud.fr\/wp-content\/uploads\/2022\/09\/twiny-terrasse-1024x683.jpg 1024w, https:\/\/www.lacroixdusud.fr\/wp-content\/uploads\/2022\/09\/twiny-terrasse-300x200.jpg 300w, https:\/\/www.lacroixdusud.fr\/wp-content\/uploads\/2022\/09\/twiny-terrasse-768x512.jpg 768w, https:\/\/www.lacroixdusud.fr\/wp-content\/uploads\/2022\/09\/twiny-terrasse.jpg 1200w\" sizes=\"(max-width: 1024px) 100vw, 1024px\" \/><\/figure>\n\n\n\n<figure class=\"wp-block-image size-large\"><img loading=\"lazy\" width=\"1024\" height=\"683\" src=\"https:\/\/www.lacroixdusud.fr\/wp-content\/uploads\/2022\/09\/twiny-terrasse2-1024x683.jpg\" alt=\"\" class=\"wp-image-1894\" srcset=\"https:\/\/www.lacroixdusud.fr\/wp-content\/uploads\/2022\/09\/twiny-terrasse2-1024x683.jpg 1024w, https:\/\/www.lacroixdusud.fr\/wp-content\/uploads\/2022\/09\/twiny-terrasse2-300x200.jpg 300w, https:\/\/www.lacroixdusud.fr\/wp-content\/uploads\/2022\/09\/twiny-terrasse2-768x512.jpg 768w, https:\/\/www.lacroixdusud.fr\/wp-content\/uploads\/2022\/09\/twiny-terrasse2.jpg 1200w\" sizes=\"(max-width: 1024px) 100vw, 1024px\" \/><\/figure>\n<\/figure>\n<\/div>\n\n\n\n<div class=\"wp-block-column is-vertically-aligned-center\">\n<h3 class=\"titre\" id=\"le-petit-du-mobil-home-twiny\">El peque\u00f1o extra de la casa m\u00f3vil Twiny <\/h3>\n\n\n\n<ul class=\"pictos\"><li><i class=\"far fa-home-heart\"><\/i> Un dormitorio inteligente con una zona de estar que puede transformarse f\u00e1cilmente en una cama supletoria<\/li><li><i class=\"far fa-family\"><\/i> Modelo \u00abcamale\u00f3nico\u00bb adaptado a todos: peque\u00f1a familia, pareja, curista, itinerante. Amplio cuarto de ducha. Cocina muy funcional; Muy buena relaci\u00f3n calidad-precio.<\/li><\/ul>\n\n\n\n<p><em>Fotos no contractuales &#8211; Los colores var\u00edan de una autocaravana a otra; <\/em><\/p>\n\n\n\n<div class=\"wp-container-69f31452e84a3 wp-block-buttons\">\n<div class=\"wp-block-button fancybox\"><a class=\"wp-block-button__link\" href=\"https:\/\/www.lacroixdusud.fr\/wp-content\/uploads\/2022\/09\/Twiny1.jpg\">Mapa de la casa m\u00f3vil<\/a><\/div>\n\n\n\n<div class=\"wp-block-button\"><a class=\"wp-block-button__link\" href=\"\/wp-content\/themes\/francecom\/videos\/twiny\/TWINY.html\" target=\"_blank\" rel=\"noreferrer noopener\">Visita virtual<\/a><\/div>\n<\/div>\n<\/div>\n<\/div>\n<\/div><\/div>\n\n\n\n<section class=\"wp-container-69f31452e8c35 wp-block-group\"><div class=\"wp-block-group__inner-container\">\n<div class=\"wp-block-columns\">\n<div class=\"wp-block-column\" style=\"flex-basis:30%\">\n<h3 class=\"titre\" id=\"equipement-du-mobil-home-twiny\">Equipamiento para autocaravanas Twiny <\/h3>\n\n\n\n<ul><li>1 habitaci\u00f3n con 1 cama doble de 140\u00d7190.<\/li><li>Ba\u00f1o y aseo en la misma habitaci\u00f3n.<\/li><li>Zona de estar con banco en L de 140\u00d7200.<\/li><li>Cocina equipada: fregadero, 2 placas de gas, nevera-congelador, cafetera, vajilla.<\/li><li>Televisi\u00f3n<\/li><li>Techo de 2 aguas.<\/li><li>Terraza de madera con red de sombra + muebles de jard\u00edn.<\/li><\/ul>\n\n\n\n<p><em>SE PROPORCIONAN MANTAS Y ALMOHADAS.<\/em><\/p>\n<\/div>\n\n\n\n<div class=\"wp-block-column\">\n<h2 id=\"les-tarifs-du-mobil-home-twiny\">Precios de la autocaravana Twiny <\/h2>\n\n\n\n<ctv-availability data-product-id=\"149429\" data-background-color=\"#FFFFFFFF\" ><\/ctv-availability>\n<\/div>\n<\/div>\n<\/div><\/section>\n","protected":false},"featured_media":1875,"template":"","meta":[],"cat-type":[39],"acf":[],"_links":{"self":[{"href":"https:\/\/www.lacroixdusud.fr\/es\/wp-json\/wp\/v2\/locations\/2397"}],"collection":[{"href":"https:\/\/www.lacroixdusud.fr\/es\/wp-json\/wp\/v2\/locations"}],"about":[{"href":"https:\/\/www.lacroixdusud.fr\/es\/wp-json\/wp\/v2\/types\/locations"}],"version-history":[{"count":5,"href":"https:\/\/www.lacroixdusud.fr\/es\/wp-json\/wp\/v2\/locations\/2397\/revisions"}],"predecessor-version":[{"id":7744,"href":"https:\/\/www.lacroixdusud.fr\/es\/wp-json\/wp\/v2\/locations\/2397\/revisions\/7744"}],"wp:featuredmedia":[{"embeddable":true,"href":"https:\/\/www.lacroixdusud.fr\/es\/wp-json\/wp\/v2\/media\/1875"}],"wp:attachment":[{"href":"https:\/\/www.lacroixdusud.fr\/es\/wp-json\/wp\/v2\/media?parent=2397"}],"wp:term":[{"taxonomy":"cat-type","embeddable":true,"href":"https:\/\/www.lacroixdusud.fr\/es\/wp-json\/wp\/v2\/cat-type?post=2397"}],"curies":[{"name":"wp","href":"https:\/\/api.w.org\/{rel}","templated":true}]}}