{"id":2421,"date":"2022-10-13T16:51:37","date_gmt":"2022-10-13T14:51:37","guid":{"rendered":"https:\/\/www.lacroixdusud.fr\/locations\/logia-de-la-casa-movil\/"},"modified":"2026-03-26T09:55:08","modified_gmt":"2026-03-26T08:55:08","slug":"logia-de-la-casa-movil","status":"publish","type":"locations","link":"https:\/\/www.lacroixdusud.fr\/es\/locations\/logia-de-la-casa-movil\/","title":{"rendered":"Logia de la casa m\u00f3vil"},"content":{"rendered":"\n<section class=\"wp-container-69f33f5e64bac wp-block-group a-00-a\"><div class=\"wp-block-group__inner-container\">\n<div class=\"wp-block-cover alignfull is-light\"><span aria-hidden=\"true\" class=\"has-bleu-background-color has-background-dim-0 wp-block-cover__gradient-background has-background-dim\"><\/span><img loading=\"lazy\" width=\"2000\" height=\"1331\" class=\"wp-block-cover__image-background wp-image-1743\" alt=\"\" src=\"https:\/\/www.lacroixdusud.fr\/wp-content\/uploads\/2022\/09\/ensemble-2-loggia.jpg\" style=\"object-position:56% 39%\" data-object-fit=\"cover\" data-object-position=\"56% 39%\" srcset=\"https:\/\/www.lacroixdusud.fr\/wp-content\/uploads\/2022\/09\/ensemble-2-loggia.jpg 2000w, https:\/\/www.lacroixdusud.fr\/wp-content\/uploads\/2022\/09\/ensemble-2-loggia-300x200.jpg 300w, https:\/\/www.lacroixdusud.fr\/wp-content\/uploads\/2022\/09\/ensemble-2-loggia-1024x681.jpg 1024w, https:\/\/www.lacroixdusud.fr\/wp-content\/uploads\/2022\/09\/ensemble-2-loggia-768x511.jpg 768w, https:\/\/www.lacroixdusud.fr\/wp-content\/uploads\/2022\/09\/ensemble-2-loggia-1536x1022.jpg 1536w\" sizes=\"(max-width: 2000px) 100vw, 2000px\" \/><div class=\"wp-block-cover__inner-container\">\n<p class=\"has-text-align-center has-large-font-size\"><\/p>\n<\/div><\/div>\n\n\n\n<div class=\"wp-container-69f33f5e647f4 wp-block-group intro\"><div class=\"wp-block-group__inner-container\">\n<h1 class=\"has-text-align-center\" id=\"coco-sweet-16-m\u00b24-personnes-2-chambres\">Alquiler de casas m\u00f3viles en los Pirineos Orientales<\/h1>\n\n\n\n<p class=\"has-text-align-center gamme\">Gama de confort<\/p>\n\n\n\n<h2 class=\"has-text-align-center h3\" id=\"coco-sweet-16-m\u00b24-personnes-2-chambres\">Mobile Home Loggia &#8211; 25 m\u00b2 &#8211; 4\/6 personas + terraza integrada 10 m\u00b2<\/h2>\n\n\n\n<p class=\"has-text-align-center\">2 pistas &#8211; 2 dormitorios: 1 cama doble 140\u00d7190 &#8211; 2 camas individuales 80\u00d7190 &#8211; 1 sof\u00e1 cama &#8211; Aire acondicionado<\/p>\n\n\n\n<div class=\"wp-container-69f33f5e6440b wp-block-buttons\">\n<div class=\"wp-block-button back_btn\"><a class=\"wp-block-button__link\" href=\"https:\/\/www.lacroixdusud.fr\/es\/casas-moviles\/\">Volver a las casas m\u00f3viles<\/a><\/div>\n<\/div>\n<\/div><\/div>\n<\/div><\/section>\n\n\n\n<div class=\"wp-container-69f33f5e655e7 wp-block-group b-30-a\"><div class=\"wp-block-group__inner-container\">\n<div class=\"wp-block-columns are-vertically-aligned-center\">\n<div class=\"wp-block-column is-vertically-aligned-center\">\n<figure class=\"wp-block-gallery has-nested-images columns-default is-cropped diaporama--1\">\n<figure class=\"wp-block-image size-large\"><img loading=\"lazy\" width=\"1024\" height=\"681\" src=\"https:\/\/www.lacroixdusud.fr\/wp-content\/uploads\/2022\/09\/terrasse-3-loggia-1024x681.jpg\" alt=\"\" class=\"wp-image-1754\" srcset=\"https:\/\/www.lacroixdusud.fr\/wp-content\/uploads\/2022\/09\/terrasse-3-loggia-1024x681.jpg 1024w, https:\/\/www.lacroixdusud.fr\/wp-content\/uploads\/2022\/09\/terrasse-3-loggia-300x200.jpg 300w, https:\/\/www.lacroixdusud.fr\/wp-content\/uploads\/2022\/09\/terrasse-3-loggia-768x511.jpg 768w, https:\/\/www.lacroixdusud.fr\/wp-content\/uploads\/2022\/09\/terrasse-3-loggia-1536x1022.jpg 1536w, https:\/\/www.lacroixdusud.fr\/wp-content\/uploads\/2022\/09\/terrasse-3-loggia.jpg 2000w\" sizes=\"(max-width: 1024px) 100vw, 1024px\" \/><\/figure>\n\n\n\n<figure class=\"wp-block-image size-large\"><img loading=\"lazy\" width=\"681\" height=\"1024\" src=\"https:\/\/www.lacroixdusud.fr\/wp-content\/uploads\/2022\/09\/chambre-enfants-loggia-681x1024.jpg\" alt=\"\" class=\"wp-image-1746\" srcset=\"https:\/\/www.lacroixdusud.fr\/wp-content\/uploads\/2022\/09\/chambre-enfants-loggia-681x1024.jpg 681w, https:\/\/www.lacroixdusud.fr\/wp-content\/uploads\/2022\/09\/chambre-enfants-loggia-200x300.jpg 200w, https:\/\/www.lacroixdusud.fr\/wp-content\/uploads\/2022\/09\/chambre-enfants-loggia-768x1154.jpg 768w, https:\/\/www.lacroixdusud.fr\/wp-content\/uploads\/2022\/09\/chambre-enfants-loggia-1022x1536.jpg 1022w, https:\/\/www.lacroixdusud.fr\/wp-content\/uploads\/2022\/09\/chambre-enfants-loggia.jpg 1331w\" sizes=\"(max-width: 681px) 100vw, 681px\" \/><\/figure>\n\n\n\n<figure class=\"wp-block-image size-large\"><img loading=\"lazy\" width=\"1024\" height=\"681\" src=\"https:\/\/www.lacroixdusud.fr\/wp-content\/uploads\/2022\/09\/chambre-parents-loggia-1024x681.jpg\" alt=\"\" class=\"wp-image-1755\" srcset=\"https:\/\/www.lacroixdusud.fr\/wp-content\/uploads\/2022\/09\/chambre-parents-loggia-1024x681.jpg 1024w, https:\/\/www.lacroixdusud.fr\/wp-content\/uploads\/2022\/09\/chambre-parents-loggia-300x200.jpg 300w, https:\/\/www.lacroixdusud.fr\/wp-content\/uploads\/2022\/09\/chambre-parents-loggia-768x511.jpg 768w, https:\/\/www.lacroixdusud.fr\/wp-content\/uploads\/2022\/09\/chambre-parents-loggia-1536x1022.jpg 1536w, https:\/\/www.lacroixdusud.fr\/wp-content\/uploads\/2022\/09\/chambre-parents-loggia.jpg 2000w\" sizes=\"(max-width: 1024px) 100vw, 1024px\" \/><\/figure>\n\n\n\n<figure class=\"wp-block-image size-large\"><img loading=\"lazy\" width=\"1024\" height=\"681\" src=\"https:\/\/www.lacroixdusud.fr\/wp-content\/uploads\/2022\/09\/cuisine-4-loggia-1024x681.jpg\" alt=\"\" class=\"wp-image-1751\" srcset=\"https:\/\/www.lacroixdusud.fr\/wp-content\/uploads\/2022\/09\/cuisine-4-loggia-1024x681.jpg 1024w, https:\/\/www.lacroixdusud.fr\/wp-content\/uploads\/2022\/09\/cuisine-4-loggia-300x200.jpg 300w, https:\/\/www.lacroixdusud.fr\/wp-content\/uploads\/2022\/09\/cuisine-4-loggia-768x511.jpg 768w, https:\/\/www.lacroixdusud.fr\/wp-content\/uploads\/2022\/09\/cuisine-4-loggia-1536x1022.jpg 1536w, https:\/\/www.lacroixdusud.fr\/wp-content\/uploads\/2022\/09\/cuisine-4-loggia.jpg 2000w\" sizes=\"(max-width: 1024px) 100vw, 1024px\" \/><\/figure>\n\n\n\n<figure class=\"wp-block-image size-large\"><img loading=\"lazy\" width=\"1024\" height=\"681\" src=\"https:\/\/www.lacroixdusud.fr\/wp-content\/uploads\/2022\/09\/cuisine-5-loggia-1024x681.jpg\" alt=\"\" class=\"wp-image-1748\" srcset=\"https:\/\/www.lacroixdusud.fr\/wp-content\/uploads\/2022\/09\/cuisine-5-loggia-1024x681.jpg 1024w, https:\/\/www.lacroixdusud.fr\/wp-content\/uploads\/2022\/09\/cuisine-5-loggia-300x200.jpg 300w, https:\/\/www.lacroixdusud.fr\/wp-content\/uploads\/2022\/09\/cuisine-5-loggia-768x511.jpg 768w, https:\/\/www.lacroixdusud.fr\/wp-content\/uploads\/2022\/09\/cuisine-5-loggia-1536x1022.jpg 1536w, https:\/\/www.lacroixdusud.fr\/wp-content\/uploads\/2022\/09\/cuisine-5-loggia.jpg 2000w\" sizes=\"(max-width: 1024px) 100vw, 1024px\" \/><\/figure>\n<\/figure>\n<\/div>\n\n\n\n<div class=\"wp-block-column is-vertically-aligned-center\">\n<h3 class=\"titre\" id=\"le-petit\">El peque\u00f1o extra<\/h3>\n\n\n\n<ul class=\"pictos\"><li><i class=\"far fa-umbrella-beach\"><\/i>  Terraza de madera integrada con extensi\u00f3n cubierta.<\/li><li><i class=\"far fa-window-frame\"><\/i>  Gran visibilidad en el sal\u00f3n (ventana extra ancha).<\/li><li><i class=\"far fa-baby\"><\/i>  Parcela para cama de beb\u00e9.<\/li><li><i class=\"far fa-air-conditioner\"><\/i>  Aire acondicionado<\/li><\/ul>\n\n\n\n<p><em>Fotos no contractuales<\/em><\/p>\n\n\n\n<div class=\"wp-container-69f33f5e651cf wp-block-buttons\">\n<div class=\"wp-block-button fancybox\"><a class=\"wp-block-button__link\" href=\"https:\/\/www.lacroixdusud.fr\/wp-content\/uploads\/2022\/09\/Loggia.jpg\">Mapa de la casa m\u00f3vil<\/a><\/div>\n\n\n\n<div class=\"wp-block-button\"><a class=\"wp-block-button__link\" href=\"\/wp-content\/themes\/francecom\/videos\/loggia\/loggia.html\" target=\"_blank\" rel=\"noreferrer noopener\">Visita virtual<\/a><\/div>\n<\/div>\n<\/div>\n<\/div>\n<\/div><\/div>\n\n\n\n<section class=\"wp-container-69f33f5e65af9 wp-block-group\"><div class=\"wp-block-group__inner-container\">\n<div class=\"wp-block-columns\">\n<div class=\"wp-block-column\" style=\"flex-basis:30%\">\n<h3 class=\"titre\" id=\"equipement\">Equipo<\/h3>\n\n\n\n<ul><li>Ducha, aseo separado<\/li><li>Aire acondicionado<\/li><li>fregadero<\/li><li>Placa de gas de 4 fuegos,<\/li><li>nevera-congelador, cafetera, microondas<\/li><li>vajilla<\/li><li>muebles de jard\u00edn<\/li><li>terraza cubierta de madera integrada con extensi\u00f3n.<\/li><\/ul>\n\n\n\n<p><em>SE PROPORCIONAN MANTAS Y ALMOHADAS.<\/em><\/p>\n<\/div>\n\n\n\n<div class=\"wp-block-column\">\n<h2 id=\"les-tarifs\">Tarifas<\/h2>\n\n\n\n<ctv-availability data-product-id=\"149437\" data-background-color=\"#FFFFFFFF\" ><\/ctv-availability>\n<\/div>\n<\/div>\n<\/div><\/section>\n","protected":false},"featured_media":1745,"template":"","meta":[],"cat-type":[41],"acf":[],"_links":{"self":[{"href":"https:\/\/www.lacroixdusud.fr\/es\/wp-json\/wp\/v2\/locations\/2421"}],"collection":[{"href":"https:\/\/www.lacroixdusud.fr\/es\/wp-json\/wp\/v2\/locations"}],"about":[{"href":"https:\/\/www.lacroixdusud.fr\/es\/wp-json\/wp\/v2\/types\/locations"}],"version-history":[{"count":5,"href":"https:\/\/www.lacroixdusud.fr\/es\/wp-json\/wp\/v2\/locations\/2421\/revisions"}],"predecessor-version":[{"id":7765,"href":"https:\/\/www.lacroixdusud.fr\/es\/wp-json\/wp\/v2\/locations\/2421\/revisions\/7765"}],"wp:featuredmedia":[{"embeddable":true,"href":"https:\/\/www.lacroixdusud.fr\/es\/wp-json\/wp\/v2\/media\/1745"}],"wp:attachment":[{"href":"https:\/\/www.lacroixdusud.fr\/es\/wp-json\/wp\/v2\/media?parent=2421"}],"wp:term":[{"taxonomy":"cat-type","embeddable":true,"href":"https:\/\/www.lacroixdusud.fr\/es\/wp-json\/wp\/v2\/cat-type?post=2421"}],"curies":[{"name":"wp","href":"https:\/\/api.w.org\/{rel}","templated":true}]}}