{"id":2267,"date":"2022-10-13T16:33:33","date_gmt":"2022-10-13T14:33:33","guid":{"rendered":"https:\/\/www.lacroixdusud.fr\/en-los-alrededores\/"},"modified":"2022-11-02T11:03:54","modified_gmt":"2022-11-02T10:03:54","slug":"en-los-alrededores","status":"publish","type":"page","link":"https:\/\/www.lacroixdusud.fr\/es\/en-los-alrededores\/","title":{"rendered":"En los alrededores"},"content":{"rendered":"\n<section class=\"wp-container-69f0ccab74a8f wp-block-group a-00-a\"><div class=\"wp-block-group__inner-container\">\n<div class=\"wp-block-cover alignfull\"><span aria-hidden=\"true\" class=\"has-font-dark-background-color has-background-dim-30 wp-block-cover__gradient-background has-background-dim\"><\/span><img loading=\"lazy\" width=\"1920\" height=\"1280\" class=\"wp-block-cover__image-background wp-image-1092\" alt=\"\" src=\"https:\/\/www.lacroixdusud.fr\/wp-content\/uploads\/2022\/07\/antoine-demare-wM9iR8b2erE-unsplash.jpg\" style=\"object-position:48% 33%\" data-object-fit=\"cover\" data-object-position=\"48% 33%\" srcset=\"https:\/\/www.lacroixdusud.fr\/wp-content\/uploads\/2022\/07\/antoine-demare-wM9iR8b2erE-unsplash.jpg 1920w, https:\/\/www.lacroixdusud.fr\/wp-content\/uploads\/2022\/07\/antoine-demare-wM9iR8b2erE-unsplash-300x200.jpg 300w, https:\/\/www.lacroixdusud.fr\/wp-content\/uploads\/2022\/07\/antoine-demare-wM9iR8b2erE-unsplash-1024x683.jpg 1024w, https:\/\/www.lacroixdusud.fr\/wp-content\/uploads\/2022\/07\/antoine-demare-wM9iR8b2erE-unsplash-768x512.jpg 768w, https:\/\/www.lacroixdusud.fr\/wp-content\/uploads\/2022\/07\/antoine-demare-wM9iR8b2erE-unsplash-1536x1024.jpg 1536w\" sizes=\"(max-width: 1920px) 100vw, 1920px\" \/><div class=\"wp-block-cover__inner-container\">\n<h1 class=\"has-text-align-center has-white-color has-text-color\" id=\"sejourner-au-camping-a-port-barcares-et-visiter-la-region\">Alojarse en el camping de Port Barcares y visitar la zona<\/h1>\n<\/div><\/div>\n\n\n\n<div class=\"wp-container-69f0ccab7472e wp-block-group intro\"><div class=\"wp-block-group__inner-container\">\n<h2 class=\"has-text-align-left\" id=\"decouvrir-les-alentours-de-votre-camping-en-pyrenees-orientales\">Descubra los alrededores de su camping en los Pirineos Orientales<\/h2>\n\n\n\n<p>Sean cuales sean sus deseos durante su pr\u00f3xima estancia en un camping de <strong>Languedoc Roussillon<\/strong>, La Croix du Sud ****, le propone descubrir sus numerosas ventajas.<\/p>\n<\/div><\/div>\n<\/div><\/section>\n\n\n\n<section class=\"wp-container-69f0ccab75270 wp-block-group b-00-b\"><div class=\"wp-block-group__inner-container\">\n<div class=\"wp-block-columns\">\n<div class=\"wp-block-column\">\n<figure class=\"wp-block-gallery has-nested-images columns-default is-cropped fleur-top-right\">\n<figure class=\"wp-block-image size-full\"><img loading=\"lazy\" width=\"640\" height=\"457\" src=\"https:\/\/www.lacroixdusud.fr\/wp-content\/uploads\/2022\/07\/fete-vent.jpg\" alt=\"\" class=\"wp-image-1292\" srcset=\"https:\/\/www.lacroixdusud.fr\/wp-content\/uploads\/2022\/07\/fete-vent.jpg 640w, https:\/\/www.lacroixdusud.fr\/wp-content\/uploads\/2022\/07\/fete-vent-300x214.jpg 300w\" sizes=\"(max-width: 640px) 100vw, 640px\" \/><\/figure>\n\n\n\n<figure class=\"wp-block-image size-full\"><img loading=\"lazy\" width=\"640\" height=\"427\" src=\"https:\/\/www.lacroixdusud.fr\/wp-content\/uploads\/2022\/07\/paysage-pyrenees-orientales.jpg\" alt=\"\" class=\"wp-image-1116\" srcset=\"https:\/\/www.lacroixdusud.fr\/wp-content\/uploads\/2022\/07\/paysage-pyrenees-orientales.jpg 640w, https:\/\/www.lacroixdusud.fr\/wp-content\/uploads\/2022\/07\/paysage-pyrenees-orientales-300x200.jpg 300w\" sizes=\"(max-width: 640px) 100vw, 640px\" \/><\/figure>\n<\/figure>\n<\/div>\n\n\n\n<div class=\"wp-block-column\">\n<h3 class=\"has-bleu-color has-text-color\" id=\"activites-a-proximite-du-camping-a-barcares\">Actividades cerca del camping Barcares<\/h3>\n\n\n\n<p>No tiene que ir muy lejos de su camping de Barcares para encontrar muchas actividades para hacer con la familia y los amigos.<\/p>\n\n\n\n<ul class=\"col-2\"><li>El peque\u00f1o tren amarillo en Villefranche de Conflent<\/li><li>La aventura de Leucate<\/li><li>Ba\u00f1os de agua caliente de Santo Tom\u00e1s<\/li><li>La f\u00e1brica de granates<\/li><li>Centro de buceo: el pulpo<\/li><li>Escuela de wakeboard : wake 66<\/li><li>Windsurf, catamar\u00e1n, stand up, paddle: UCPA<\/li><li>Esqu\u00ed acu\u00e1tico : Ascensor de esqu\u00ed acu\u00e1tico<\/li><li>Equitaci\u00f3n: la colonia<\/li><li>Parque de escalada de \u00e1rboles: Leucate Aventures<\/li><li>Cine: clap cin\u00e9 en Leucate<\/li><\/ul>\n\n\n\n<div class=\"wp-container-69f0ccab74f41 wp-block-buttons\">\n<div class=\"wp-block-button btn_resa\"><a class=\"wp-block-button__link\">Libro<\/a><\/div>\n\n\n\n<div class=\"wp-block-button\"><a class=\"wp-block-button__link\" href=\"https:\/\/www.lacroixdusud.fr\/es\/casas-moviles\/\">Descubra nuestras casas m\u00f3viles<\/a><\/div>\n<\/div>\n<\/div>\n<\/div>\n<\/div><\/section>\n\n\n\n<div style=\"height:50px\" aria-hidden=\"true\" class=\"wp-block-spacer\"><\/div>\n\n\n\n<section class=\"wp-container-69f0ccab7571a wp-block-group b-25-b\"><div class=\"wp-block-group__inner-container\">\n<div class=\"wp-block-columns\">\n<div class=\"wp-block-column\">\n<h2 id=\"visiter-la-region-et-decouvrir-les-atouts-des-pyrenees-orientales\">Visite la regi\u00f3n y descubra las ventajas de los Pirineos Orientales<\/h2>\n\n\n\n<h3 id=\"l-art-de-la-vigne-en-region-languedoc-roussillon\">El arte de la vid en Languedoc-Rosell\u00f3n<\/h3>\n\n\n\n<p>Desde la orilla derecha del R\u00f3dano hasta los <strong>Pirineos Orientales<\/strong>, se extiende uno de los vi\u00f1edos m\u00e1s antiguos, pero tambi\u00e9n uno de los m\u00e1s grandes, con casi 300.000 hect\u00e1reas. Cultivado desde el principio de los tiempos en Languedoc-Rosell\u00f3n, el arte de la viticultura ha evolucionado a lo largo de los a\u00f1os para ofrecer hoy en d\u00eda vinos refinados, afrutados o con cuerpo. Mucho m\u00e1s que una actividad local, en Languedoc Roussillon el vino es una pasi\u00f3n, una tradici\u00f3n y una parte integral de la historia del pa\u00eds.<\/p>\n\n\n\n<h4 id=\"caves-et-vignobles\">Bodegas y vi\u00f1edos<\/h4>\n\n\n\n<ul><li><a href=\"https:\/\/www.lacroixdusud.fr\/es\/domaine-de-la-vigne-barbe\/\" data-type=\"page\" data-id=\"3040\"><strong>Domaine de la Vigne Barb\u00e9<\/strong><\/a><\/li><\/ul>\n<\/div>\n\n\n\n<div class=\"wp-block-column\">\n<figure class=\"wp-block-image size-large coquillage2-bottom-left\"><img loading=\"lazy\" width=\"1024\" height=\"631\" src=\"https:\/\/www.lacroixdusud.fr\/wp-content\/uploads\/2022\/07\/vigne02-1024x631.jpg\" alt=\"\" class=\"wp-image-1222\" srcset=\"https:\/\/www.lacroixdusud.fr\/wp-content\/uploads\/2022\/07\/vigne02-1024x631.jpg 1024w, https:\/\/www.lacroixdusud.fr\/wp-content\/uploads\/2022\/07\/vigne02-300x185.jpg 300w, https:\/\/www.lacroixdusud.fr\/wp-content\/uploads\/2022\/07\/vigne02-768x474.jpg 768w, https:\/\/www.lacroixdusud.fr\/wp-content\/uploads\/2022\/07\/vigne02-1536x947.jpg 1536w, https:\/\/www.lacroixdusud.fr\/wp-content\/uploads\/2022\/07\/vigne02.jpg 1920w\" sizes=\"(max-width: 1024px) 100vw, 1024px\" \/><\/figure>\n<\/div>\n<\/div>\n<\/div><\/section>\n\n\n\n<section class=\"wp-container-69f0ccab75eee wp-block-group b-15-b\"><div class=\"wp-block-group__inner-container\">\n<div class=\"wp-block-columns are-vertically-aligned-center reverse-mob\">\n<div class=\"wp-block-column is-vertically-aligned-center\">\n<figure class=\"wp-block-gallery has-nested-images columns-1 is-cropped papito-gauche\">\n<figure class=\"wp-block-image size-large\"><img loading=\"lazy\" width=\"1024\" height=\"683\" src=\"https:\/\/www.lacroixdusud.fr\/wp-content\/uploads\/2022\/07\/coilloure01-1024x683.jpg\" alt=\"\" class=\"wp-image-1383\" srcset=\"https:\/\/www.lacroixdusud.fr\/wp-content\/uploads\/2022\/07\/coilloure01-1024x683.jpg 1024w, https:\/\/www.lacroixdusud.fr\/wp-content\/uploads\/2022\/07\/coilloure01-300x200.jpg 300w, https:\/\/www.lacroixdusud.fr\/wp-content\/uploads\/2022\/07\/coilloure01-768x512.jpg 768w, https:\/\/www.lacroixdusud.fr\/wp-content\/uploads\/2022\/07\/coilloure01-1536x1024.jpg 1536w, https:\/\/www.lacroixdusud.fr\/wp-content\/uploads\/2022\/07\/coilloure01.jpg 1920w\" sizes=\"(max-width: 1024px) 100vw, 1024px\" \/><\/figure>\n\n\n\n<figure class=\"wp-block-image size-large\"><img loading=\"lazy\" width=\"1024\" height=\"682\" src=\"https:\/\/www.lacroixdusud.fr\/wp-content\/uploads\/2022\/07\/Cour_du_Campo_Santo-1024x682.jpg\" alt=\"\" class=\"wp-image-1370\" srcset=\"https:\/\/www.lacroixdusud.fr\/wp-content\/uploads\/2022\/07\/Cour_du_Campo_Santo-1024x682.jpg 1024w, https:\/\/www.lacroixdusud.fr\/wp-content\/uploads\/2022\/07\/Cour_du_Campo_Santo-300x200.jpg 300w, https:\/\/www.lacroixdusud.fr\/wp-content\/uploads\/2022\/07\/Cour_du_Campo_Santo-768x512.jpg 768w, https:\/\/www.lacroixdusud.fr\/wp-content\/uploads\/2022\/07\/Cour_du_Campo_Santo.jpg 1280w\" sizes=\"(max-width: 1024px) 100vw, 1024px\" \/><\/figure>\n<\/figure>\n<\/div>\n\n\n\n<div class=\"wp-block-column is-vertically-aligned-center\">\n<h2 id=\"le-patrimoine-culturel-et-historique-du-pays-catalan\">El patrimonio cultural e hist\u00f3rico del Pa\u00eds Catal\u00e1n<\/h2>\n\n\n\n<p>Anexionado por Francia en 1659, el pa\u00eds catal\u00e1n conserva una cultura dual gracias a su historia.<\/p>\n\n\n\n<p>Los siglos de guerras por la propiedad del territorio y su rica historia hacen que este pa\u00eds sea culturalmente rico. Hay muchas obras de arte y edificios y se ha conservado el patrimonio. A menos de 30 minutos de Le Barcar\u00e8s y del camping Croix du Sud, Perpignan la catalane ofrece una buena muestra de esta historia y patrimonio.<\/p>\n\n\n\n<div class=\"wp-container-69f0ccab75bad wp-block-buttons\">\n<div class=\"wp-block-button\"><a class=\"wp-block-button__link\" href=\"https:\/\/www.mairie-perpignan.fr\/\" target=\"_blank\" rel=\"noreferrer noopener\">P\u00e1gina web oficial de la ciudad de Perpi\u00f1\u00e1n<\/a><\/div>\n\n\n\n<div class=\"wp-block-button btn_resa\"><a class=\"wp-block-button__link\">Libro<\/a><\/div>\n<\/div>\n<\/div>\n<\/div>\n<\/div><\/section>\n\n\n\n<section class=\"wp-container-69f0ccab76303 wp-block-group seo\"><div class=\"wp-block-group__inner-container\">\n<div class=\"wp-block-columns\">\n<div class=\"wp-block-column\">\n<h3 class=\"titre\" id=\"chateaux-fortifications-et-musees-incontournables-dans-la-region\">Castillos, fortificaciones y museos de la regi\u00f3n<\/h3>\n\n\n\n<p>Para un viaje a trav\u00e9s de los siglos durante una <strong>estancia en el camping Pyr\u00e9n\u00e9es-Orientales<\/strong>, los veraneantes pueden contar con numerosos monumentos que merecen una visita.<\/p>\n\n\n\n<ul><li>Fortaleza de Salses<\/li><li><strong>Capilla de Nuestra Se\u00f1ora de los \u00c1ngeles<\/strong><\/li><li><strong>Museo de la Prehistoria de Tautavel<\/strong><\/li><li><strong>Castillo de Belesta &#8211; Museo<\/strong><\/li><li><strong>Palacio de los Reyes de Mallorca en Perpi\u00f1\u00e1n<\/strong><\/li><li><strong>Claustro de Elne<\/strong><\/li><li><strong>La ciudad de Carcassonne, una ciudad medieval fortificada<\/strong><\/li><\/ul>\n<\/div>\n\n\n\n<div class=\"wp-block-column\">\n<figure class=\"wp-block-image size-large\"><img loading=\"lazy\" width=\"1024\" height=\"683\" src=\"https:\/\/www.lacroixdusud.fr\/wp-content\/uploads\/2022\/07\/carcassonne1-1024x683.jpg\" alt=\"\" class=\"wp-image-1133\" srcset=\"https:\/\/www.lacroixdusud.fr\/wp-content\/uploads\/2022\/07\/carcassonne1-1024x683.jpg 1024w, https:\/\/www.lacroixdusud.fr\/wp-content\/uploads\/2022\/07\/carcassonne1-300x200.jpg 300w, https:\/\/www.lacroixdusud.fr\/wp-content\/uploads\/2022\/07\/carcassonne1-768x512.jpg 768w, https:\/\/www.lacroixdusud.fr\/wp-content\/uploads\/2022\/07\/carcassonne1-1536x1024.jpg 1536w, https:\/\/www.lacroixdusud.fr\/wp-content\/uploads\/2022\/07\/carcassonne1.jpg 1920w\" sizes=\"(max-width: 1024px) 100vw, 1024px\" \/><\/figure>\n<\/div>\n<\/div>\n<\/div><\/section>\n\n\n\n<section class=\"wp-container-69f0ccab76b7e wp-block-group b-10-a\"><div class=\"wp-block-group__inner-container\">\n<div class=\"wp-block-columns reverse-mob\">\n<div class=\"wp-block-column\">\n<figure class=\"wp-block-gallery has-nested-images columns-default is-cropped diaporama-mob\">\n<figure class=\"wp-block-image size-full\"><img loading=\"lazy\" width=\"640\" height=\"800\" src=\"https:\/\/www.lacroixdusud.fr\/wp-content\/uploads\/2022\/07\/canigou.jpg\" alt=\"\" class=\"wp-image-1141\" srcset=\"https:\/\/www.lacroixdusud.fr\/wp-content\/uploads\/2022\/07\/canigou.jpg 640w, https:\/\/www.lacroixdusud.fr\/wp-content\/uploads\/2022\/07\/canigou-240x300.jpg 240w\" sizes=\"(max-width: 640px) 100vw, 640px\" \/><\/figure>\n\n\n\n<figure class=\"wp-block-image size-full\"><img loading=\"lazy\" width=\"640\" height=\"960\" src=\"https:\/\/www.lacroixdusud.fr\/wp-content\/uploads\/2022\/07\/cote-vermeil.jpg\" alt=\"\" class=\"wp-image-1144\" srcset=\"https:\/\/www.lacroixdusud.fr\/wp-content\/uploads\/2022\/07\/cote-vermeil.jpg 640w, https:\/\/www.lacroixdusud.fr\/wp-content\/uploads\/2022\/07\/cote-vermeil-200x300.jpg 200w\" sizes=\"(max-width: 640px) 100vw, 640px\" \/><\/figure>\n\n\n\n<figure class=\"wp-block-image size-full\"><img loading=\"lazy\" width=\"640\" height=\"960\" src=\"https:\/\/www.lacroixdusud.fr\/wp-content\/uploads\/2022\/07\/patrimoine.jpg\" alt=\"\" class=\"wp-image-1147\" srcset=\"https:\/\/www.lacroixdusud.fr\/wp-content\/uploads\/2022\/07\/patrimoine.jpg 640w, https:\/\/www.lacroixdusud.fr\/wp-content\/uploads\/2022\/07\/patrimoine-200x300.jpg 200w\" sizes=\"(max-width: 640px) 100vw, 640px\" \/><\/figure>\n<\/figure>\n<\/div>\n\n\n\n<div class=\"wp-block-column\">\n<h2 id=\"visiter-le-pays-catalan-dans-le-languedoc-roussillon\">Visite el pa\u00eds catal\u00e1n en Languedoc Roussillon<\/h2>\n\n\n\n<p>Para sus visitas culturales, utilice la gu\u00eda inteligente del patrimonio en Catalu\u00f1a: el \u00abPase Intersitios\u00bb le permite beneficiarse de tarifas reducidas.<\/p>\n\n\n\n<h3 id=\"la-cote-vermeille\">La costa de Vermeille<\/h3>\n\n\n\n<p>Durante su descubrimiento de la costa de Vermeille, podr\u00e1 descubrir lugares excepcionales que har\u00e1n las delicias de los aficionados a la historia y a los espacios abiertos.<\/p>\n\n\n\n<div class=\"wp-block-group lire-plus-mobile\"><div class=\"wp-block-group__inner-container\">\n<p>Leer m\u00e1s<\/p>\n\n\n\n<div class=\"wp-container-69f0ccab7681e wp-block-group\"><div class=\"wp-block-group__inner-container\">\n<h3 id=\"de-couilloure-a-ceret\">De Couilloure a C\u00e9ret<\/h3>\n\n\n\n<p>Calas rocosas de aguas turquesas, un puerto pesquero y vi\u00f1edos en la ladera, la C\u00f4te Vermeille es una costa salvaje que comienza al sur de Argel\u00e8s y se extiende hasta la costa espa\u00f1ola en Port-Bou. Este territorio \u00e1rido da lugar a hermosos y t\u00edpicos vinos como los de Collioure y Banyuls. La costa de Vermeille, maravilloso punto de encuentro entre el mar Mediterr\u00e1neo y las monta\u00f1as de los Pirineos, ha conservado intacta su belleza y sus paisajes.<\/p>\n\n\n\n<h3 id=\"randonner-au-canigou\">Senderismo en el Canig\u00f3<\/h3>\n\n\n\n<p>Situado en el coraz\u00f3n del Parque Natural Regional de los Pirineos Catalanes, el CANIGOU se eleva a 2.700 metros de altitud y separa las tierras altas de la llanura del Rosell\u00f3n. Hay muchas rutas para los caminantes: senderismo, bicicleta de monta\u00f1a, paseos a caballo, descubrimiento de los edificios de Vauban clasificados como Patrimonio Mundial de la UNESCO y degustaci\u00f3n de productos locales.<\/p>\n<\/div><\/div>\n<\/div><\/div>\n<\/div>\n<\/div>\n<\/div><\/section>\n\n\n\n<section class=\"wp-container-69f0ccab77762 wp-block-group b-05-a\"><div class=\"wp-block-group__inner-container\">\n<div class=\"wp-block-columns\">\n<div class=\"wp-block-column\">\n<h3 id=\"les-lacs-de-bouillouses\">Los lagos de Bouillouses<\/h3>\n\n\n\n<p>27 lagos y estanques con una flora y fauna excepcionales.<\/p>\n\n\n\n<h3 id=\"la-reserve-marine-de-cerbere-banyuls\">La reserva marina de Cerbere &#8211; Banyuls<\/h3>\n\n\n\n<p>Primera reserva natural marina francesa creada en 1974.<\/p>\n\n\n\n<h3 id=\"le-site-des-dosses\">El sitio de los Dosses<\/h3>\n\n\n\n<p>A orillas del Etang de Salses, un espacio natural con casi 200 especies de plantas y 50 de aves. Descubra la rica biodiversidad de las lagunas mediterr\u00e1neas.<\/p>\n\n\n\n<div class=\"wp-block-group lire-plus-mobile\"><div class=\"wp-block-group__inner-container\">\n<p>Leer m\u00e1s<\/p>\n\n\n\n<div class=\"wp-container-69f0ccab7706e wp-block-group\"><div class=\"wp-block-group__inner-container\">\n<h3 id=\"le-lac-de-raho\">El lago de Raho<\/h3>\n\n\n\n<p>Nataci\u00f3n supervisada, creaci\u00f3n de senderos para bicicletas de monta\u00f1a y para montar a caballo. F\u00e1cil acceso para personas con movilidad reducida.<\/p>\n\n\n\n<h3 id=\"les-villes-et-villages-sur-la-cote-mediterraneenne\">Ciudades y pueblos de la costa mediterr\u00e1nea<\/h3>\n\n\n\n<p>Perpignan, Canet en Roussillon, Collioure, Salses-Le-Ch\u00e2teau, Saint Cyprien, a los veraneantes que deseen descubrir las encantadoras estaciones balnearias de los Pirineos Orientales no les faltar\u00e1n posibilidades durante su <strong>estancia en el camping de Barcar\u00e8s<\/strong> Descubra tambi\u00e9n los pueblos m\u00e1s bonitos de los Pirineos Orientales.<\/p>\n<\/div><\/div>\n<\/div><\/div>\n\n\n\n<div class=\"wp-container-69f0ccab773d4 wp-block-buttons\">\n<div class=\"wp-block-button\"><a class=\"wp-block-button__link\" href=\"https:\/\/www.lacroixdusud.fr\/es\/actividades\/\">Actividades en el camping<\/a><\/div>\n<\/div>\n<\/div>\n\n\n\n<div class=\"wp-block-column\">\n<figure class=\"wp-block-image size-full feuille-top-right\"><img loading=\"lazy\" width=\"640\" height=\"800\" src=\"https:\/\/www.lacroixdusud.fr\/wp-content\/uploads\/2022\/07\/jacques-dillies-w1o_TW5RFoY-unsplash.jpg\" alt=\"\" class=\"wp-image-1387\" srcset=\"https:\/\/www.lacroixdusud.fr\/wp-content\/uploads\/2022\/07\/jacques-dillies-w1o_TW5RFoY-unsplash.jpg 640w, https:\/\/www.lacroixdusud.fr\/wp-content\/uploads\/2022\/07\/jacques-dillies-w1o_TW5RFoY-unsplash-240x300.jpg 240w\" sizes=\"(max-width: 640px) 100vw, 640px\" \/><\/figure>\n<\/div>\n<\/div>\n<\/div><\/section>\n\n\n\n<section class=\"wp-container-69f0ccab77ed5 wp-block-group seo\"><div class=\"wp-block-group__inner-container\">\n<div class=\"wp-block-columns reverse-mob\">\n<div class=\"wp-block-column\">\n<figure class=\"wp-block-image size-large\"><img loading=\"lazy\" width=\"1024\" height=\"682\" src=\"https:\/\/www.lacroixdusud.fr\/wp-content\/uploads\/2022\/07\/barcares-1024x682.jpg\" alt=\"\" class=\"wp-image-1254\" srcset=\"https:\/\/www.lacroixdusud.fr\/wp-content\/uploads\/2022\/07\/barcares-1024x682.jpg 1024w, https:\/\/www.lacroixdusud.fr\/wp-content\/uploads\/2022\/07\/barcares-300x200.jpg 300w, https:\/\/www.lacroixdusud.fr\/wp-content\/uploads\/2022\/07\/barcares-768x511.jpg 768w, https:\/\/www.lacroixdusud.fr\/wp-content\/uploads\/2022\/07\/barcares-1536x1022.jpg 1536w, https:\/\/www.lacroixdusud.fr\/wp-content\/uploads\/2022\/07\/barcares.jpg 1920w\" sizes=\"(max-width: 1024px) 100vw, 1024px\" \/><\/figure>\n<\/div>\n\n\n\n<div class=\"wp-block-column\">\n<h2 id=\"sejour-au-camping-pyrenees-orientales-4-etoiles-nos-idees-de-sorties\">Vacaciones de camping 4 estrellas en los Pirineos Orientales: nuestras ideas para las salidas<\/h2>\n\n\n\n<ul><li><strong>Canal du Midi &#8211; Las <\/strong>esclusas de Fonserane, El t\u00fanel de Malpas<\/li><li><strong>La reserva africana de Sigean<\/strong> (abierta los 365 d\u00edas del a\u00f1o a partir de las 9h)<\/li><\/ul>\n\n\n\n<div style=\"height:50px\" aria-hidden=\"true\" class=\"wp-block-spacer\"><\/div>\n\n\n\n<div class=\"wp-container-69f0ccab77b86 wp-block-buttons\">\n<div class=\"wp-block-button btn_resa\"><a class=\"wp-block-button__link\">Reservar mi estancia<\/a><\/div>\n<\/div>\n<\/div>\n<\/div>\n<\/div><\/section>\n","protected":false},"excerpt":{"rendered":"<p>Descubra los alrededores de su camping en los Pirineos Orientales Sean cuales sean sus deseos durante su pr\u00f3xima estancia en un camping de Languedoc Roussillon, La Croix du Sud ****, le propone descubrir sus numerosas ventajas. Actividades cerca del camping Barcares No tiene que ir muy lejos de su camping de Barcares para encontrar muchas [&hellip;]<\/p>\n","protected":false},"author":1,"featured_media":6039,"parent":0,"menu_order":0,"comment_status":"closed","ping_status":"closed","template":"","meta":[],"acf":[],"_links":{"self":[{"href":"https:\/\/www.lacroixdusud.fr\/es\/wp-json\/wp\/v2\/pages\/2267"}],"collection":[{"href":"https:\/\/www.lacroixdusud.fr\/es\/wp-json\/wp\/v2\/pages"}],"about":[{"href":"https:\/\/www.lacroixdusud.fr\/es\/wp-json\/wp\/v2\/types\/page"}],"author":[{"embeddable":true,"href":"https:\/\/www.lacroixdusud.fr\/es\/wp-json\/wp\/v2\/users\/1"}],"replies":[{"embeddable":true,"href":"https:\/\/www.lacroixdusud.fr\/es\/wp-json\/wp\/v2\/comments?post=2267"}],"version-history":[{"count":6,"href":"https:\/\/www.lacroixdusud.fr\/es\/wp-json\/wp\/v2\/pages\/2267\/revisions"}],"predecessor-version":[{"id":3047,"href":"https:\/\/www.lacroixdusud.fr\/es\/wp-json\/wp\/v2\/pages\/2267\/revisions\/3047"}],"wp:featuredmedia":[{"embeddable":true,"href":"https:\/\/www.lacroixdusud.fr\/es\/wp-json\/wp\/v2\/media\/6039"}],"wp:attachment":[{"href":"https:\/\/www.lacroixdusud.fr\/es\/wp-json\/wp\/v2\/media?parent=2267"}],"curies":[{"name":"wp","href":"https:\/\/api.w.org\/{rel}","templated":true}]}}