{"id":5040,"date":"2023-12-06T15:06:00","date_gmt":"2023-12-06T14:06:00","guid":{"rendered":"https:\/\/www.lacroixdusud.fr\/locations\/mobil-home-helios\/"},"modified":"2026-03-26T09:57:19","modified_gmt":"2026-03-26T08:57:19","slug":"mobil-home-helios","status":"publish","type":"locations","link":"https:\/\/www.lacroixdusud.fr\/nl\/locations\/mobil-home-helios\/","title":{"rendered":"Mobil Home H\u00e9lios"},"content":{"rendered":"\n<section class=\"wp-container-69f0cff64d036 wp-block-group a-00-a\"><div class=\"wp-block-group__inner-container\">\n<div class=\"wp-block-cover alignfull is-light\"><span aria-hidden=\"true\" class=\"has-bleu-background-color has-background-dim-0 wp-block-cover__gradient-background has-background-dim\"><\/span><img loading=\"lazy\" width=\"2000\" height=\"1331\" class=\"wp-block-cover__image-background wp-image-1770\" alt=\"\" src=\"https:\/\/www.lacroixdusud.fr\/wp-content\/uploads\/2022\/09\/terrasse-4-helios.jpg\" style=\"object-position:62% 95%\" data-object-fit=\"cover\" data-object-position=\"62% 95%\" srcset=\"https:\/\/www.lacroixdusud.fr\/wp-content\/uploads\/2022\/09\/terrasse-4-helios.jpg 2000w, https:\/\/www.lacroixdusud.fr\/wp-content\/uploads\/2022\/09\/terrasse-4-helios-300x200.jpg 300w, https:\/\/www.lacroixdusud.fr\/wp-content\/uploads\/2022\/09\/terrasse-4-helios-1024x681.jpg 1024w, https:\/\/www.lacroixdusud.fr\/wp-content\/uploads\/2022\/09\/terrasse-4-helios-768x511.jpg 768w, https:\/\/www.lacroixdusud.fr\/wp-content\/uploads\/2022\/09\/terrasse-4-helios-1536x1022.jpg 1536w\" sizes=\"(max-width: 2000px) 100vw, 2000px\" \/><div class=\"wp-block-cover__inner-container\">\n<p class=\"has-text-align-center has-large-font-size\"><\/p>\n<\/div><\/div>\n\n\n\n<div class=\"wp-container-69f0cff64ccd6 wp-block-group intro\"><div class=\"wp-block-group__inner-container\">\n<h1 class=\"has-text-align-center\" id=\"coco-sweet-16-m\u00b24-personnes-2-chambres\">Verhuur van stacaravans in Languedoc Roussillon : H\u00e9lios<\/h1>\n\n\n\n<p class=\"has-text-align-center gamme\">Comfortreeks<\/p>\n\n\n\n<h2 class=\"has-text-align-center h3\" id=\"coco-sweet-16-m\u00b24-personnes-2-chambres\">Stacaravan H\u00e9lios &#8211; 32 m\u00b2 &#8211; 4\/5 personen &#8211; Airconditioning &#8211; Toegankelijk voor mensen met een handicap<\/h2>\n\n\n\n<p class=\"has-text-align-center\"><strong>Prioriteitstoegang voor mensen met beperkte mobiliteit;<\/strong> Dak met 2 hellingen &#8211; 32 m\u00b2 &#8211; airconditioning &#8211; douche\/WC niet apart; Verhoogd houten terras + dekzeil + oprit; 2 slaapkamers: 2 aparte bedden 90\u00d7190 die dichter bij elkaar kunnen worden geschoven (= een kingsize bed 180\u00d7190) &#8211; 1 eenpersoonsbed 90\u00d7190 &#8211; 1 verhoogd bed 70\u00d7190 &#8211; 1 eenpersoonsslaapbank;<\/p>\n\n\n\n<div class=\"wp-container-69f0cff64c9bf wp-block-buttons\">\n<div class=\"wp-block-button back_btn\"><a class=\"wp-block-button__link\" href=\"https:\/\/www.lacroixdusud.fr\/nl\/mobil-homes-barcares\/\">Terug naar stacaravans<\/a><\/div>\n<\/div>\n<\/div><\/div>\n<\/div><\/section>\n\n\n\n<div class=\"wp-container-69f0cff64da02 wp-block-group b-30-a\"><div class=\"wp-block-group__inner-container\">\n<div class=\"wp-block-columns are-vertically-aligned-center\">\n<div class=\"wp-block-column is-vertically-aligned-center\">\n<figure class=\"wp-block-gallery has-nested-images columns-default is-cropped diaporama--1\">\n<figure class=\"wp-block-image size-large\"><img loading=\"lazy\" width=\"1024\" height=\"681\" src=\"https:\/\/www.lacroixdusud.fr\/wp-content\/uploads\/2022\/09\/chambre-enfants-2-helios-1024x681.jpg\" alt=\"\" class=\"wp-image-1773\" srcset=\"https:\/\/www.lacroixdusud.fr\/wp-content\/uploads\/2022\/09\/chambre-enfants-2-helios-1024x681.jpg 1024w, https:\/\/www.lacroixdusud.fr\/wp-content\/uploads\/2022\/09\/chambre-enfants-2-helios-300x200.jpg 300w, https:\/\/www.lacroixdusud.fr\/wp-content\/uploads\/2022\/09\/chambre-enfants-2-helios-768x511.jpg 768w, https:\/\/www.lacroixdusud.fr\/wp-content\/uploads\/2022\/09\/chambre-enfants-2-helios-1536x1022.jpg 1536w, https:\/\/www.lacroixdusud.fr\/wp-content\/uploads\/2022\/09\/chambre-enfants-2-helios.jpg 2000w\" sizes=\"(max-width: 1024px) 100vw, 1024px\" \/><\/figure>\n\n\n\n<figure class=\"wp-block-image size-large\"><img loading=\"lazy\" width=\"1024\" height=\"681\" src=\"https:\/\/www.lacroixdusud.fr\/wp-content\/uploads\/2022\/09\/chambre-parents-helios-1024x681.jpg\" alt=\"\" class=\"wp-image-1774\" srcset=\"https:\/\/www.lacroixdusud.fr\/wp-content\/uploads\/2022\/09\/chambre-parents-helios-1024x681.jpg 1024w, https:\/\/www.lacroixdusud.fr\/wp-content\/uploads\/2022\/09\/chambre-parents-helios-300x200.jpg 300w, https:\/\/www.lacroixdusud.fr\/wp-content\/uploads\/2022\/09\/chambre-parents-helios-768x511.jpg 768w, https:\/\/www.lacroixdusud.fr\/wp-content\/uploads\/2022\/09\/chambre-parents-helios-1536x1022.jpg 1536w, https:\/\/www.lacroixdusud.fr\/wp-content\/uploads\/2022\/09\/chambre-parents-helios.jpg 2000w\" sizes=\"(max-width: 1024px) 100vw, 1024px\" \/><\/figure>\n\n\n\n<figure class=\"wp-block-image size-large\"><img loading=\"lazy\" width=\"1024\" height=\"681\" src=\"https:\/\/www.lacroixdusud.fr\/wp-content\/uploads\/2022\/09\/ensemble-2-helios-1-1024x681.jpg\" alt=\"\" class=\"wp-image-1791\" srcset=\"https:\/\/www.lacroixdusud.fr\/wp-content\/uploads\/2022\/09\/ensemble-2-helios-1-1024x681.jpg 1024w, https:\/\/www.lacroixdusud.fr\/wp-content\/uploads\/2022\/09\/ensemble-2-helios-1-300x200.jpg 300w, https:\/\/www.lacroixdusud.fr\/wp-content\/uploads\/2022\/09\/ensemble-2-helios-1-768x511.jpg 768w, https:\/\/www.lacroixdusud.fr\/wp-content\/uploads\/2022\/09\/ensemble-2-helios-1-1536x1022.jpg 1536w, https:\/\/www.lacroixdusud.fr\/wp-content\/uploads\/2022\/09\/ensemble-2-helios-1.jpg 2000w\" sizes=\"(max-width: 1024px) 100vw, 1024px\" \/><\/figure>\n\n\n\n<figure class=\"wp-block-image size-large\"><img loading=\"lazy\" width=\"1024\" height=\"681\" src=\"https:\/\/www.lacroixdusud.fr\/wp-content\/uploads\/2022\/09\/ensemble-5-helios-1-1024x681.jpg\" alt=\"\" class=\"wp-image-1794\" srcset=\"https:\/\/www.lacroixdusud.fr\/wp-content\/uploads\/2022\/09\/ensemble-5-helios-1-1024x681.jpg 1024w, https:\/\/www.lacroixdusud.fr\/wp-content\/uploads\/2022\/09\/ensemble-5-helios-1-300x200.jpg 300w, https:\/\/www.lacroixdusud.fr\/wp-content\/uploads\/2022\/09\/ensemble-5-helios-1-768x511.jpg 768w, https:\/\/www.lacroixdusud.fr\/wp-content\/uploads\/2022\/09\/ensemble-5-helios-1-1536x1022.jpg 1536w, https:\/\/www.lacroixdusud.fr\/wp-content\/uploads\/2022\/09\/ensemble-5-helios-1.jpg 2000w\" sizes=\"(max-width: 1024px) 100vw, 1024px\" \/><\/figure>\n\n\n\n<figure class=\"wp-block-image size-large\"><img loading=\"lazy\" width=\"1024\" height=\"681\" src=\"https:\/\/www.lacroixdusud.fr\/wp-content\/uploads\/2022\/09\/salle-de-bain-2-helios-1024x681.jpg\" alt=\"\" class=\"wp-image-1775\" srcset=\"https:\/\/www.lacroixdusud.fr\/wp-content\/uploads\/2022\/09\/salle-de-bain-2-helios-1024x681.jpg 1024w, https:\/\/www.lacroixdusud.fr\/wp-content\/uploads\/2022\/09\/salle-de-bain-2-helios-300x200.jpg 300w, https:\/\/www.lacroixdusud.fr\/wp-content\/uploads\/2022\/09\/salle-de-bain-2-helios-768x511.jpg 768w, https:\/\/www.lacroixdusud.fr\/wp-content\/uploads\/2022\/09\/salle-de-bain-2-helios-1536x1022.jpg 1536w, https:\/\/www.lacroixdusud.fr\/wp-content\/uploads\/2022\/09\/salle-de-bain-2-helios.jpg 2000w\" sizes=\"(max-width: 1024px) 100vw, 1024px\" \/><\/figure>\n\n\n\n<figure class=\"wp-block-image size-large\"><img loading=\"lazy\" width=\"1024\" height=\"681\" src=\"https:\/\/www.lacroixdusud.fr\/wp-content\/uploads\/2022\/09\/terrasse-3-helios-1024x681.jpg\" alt=\"\" class=\"wp-image-1779\" srcset=\"https:\/\/www.lacroixdusud.fr\/wp-content\/uploads\/2022\/09\/terrasse-3-helios-1024x681.jpg 1024w, https:\/\/www.lacroixdusud.fr\/wp-content\/uploads\/2022\/09\/terrasse-3-helios-300x200.jpg 300w, https:\/\/www.lacroixdusud.fr\/wp-content\/uploads\/2022\/09\/terrasse-3-helios-768x511.jpg 768w, https:\/\/www.lacroixdusud.fr\/wp-content\/uploads\/2022\/09\/terrasse-3-helios-1536x1022.jpg 1536w, https:\/\/www.lacroixdusud.fr\/wp-content\/uploads\/2022\/09\/terrasse-3-helios.jpg 2000w\" sizes=\"(max-width: 1024px) 100vw, 1024px\" \/><\/figure>\n<\/figure>\n<\/div>\n\n\n\n<div class=\"wp-block-column is-vertically-aligned-center\">\n<h3 class=\"titre\" id=\"le-petit-du-mobil-home-helios\">Het extraatje van de stacaravan H\u00e9lios<\/h3>\n\n\n\n<ul class=\"pictos\"><li><i class=\"far fa-wheelchair-move\"><\/i> Volledig aangepast voor mensen met beperkte mobiliteit;<\/li><li><i class=\"far fa-trees\"><\/i> Zeer schaduwrijke staanplaatsen;<\/li><\/ul>\n\n\n\n<p><em>Niet-contractuele foto&#8217;s<\/em><\/p>\n\n\n\n<div class=\"wp-container-69f0cff64d6da wp-block-buttons\">\n<div class=\"wp-block-button fancybox\"><a class=\"wp-block-button__link\" href=\"https:\/\/www.lacroixdusud.fr\/wp-content\/uploads\/2022\/09\/Helios1.jpg\">Plattegrond van de stacaravan<\/a><\/div>\n\n\n\n<div class=\"wp-block-button\"><a class=\"wp-block-button__link\" href=\"\/wp-content\/themes\/francecom\/videos\/helios\/Heliosgc.html\" target=\"_blank\" rel=\"noreferrer noopener\">Virtueel bezoek<\/a><\/div>\n<\/div>\n<\/div>\n<\/div>\n<\/div><\/div>\n\n\n\n<section class=\"wp-container-69f0cff64de12 wp-block-group\"><div class=\"wp-block-group__inner-container\">\n<div class=\"wp-block-columns\">\n<div class=\"wp-block-column\" style=\"flex-basis:30%\">\n<h3 class=\"titre\" id=\"equipement-du-mobil-home-helios\">Uitrusting van de stacaravan H\u00e9lios<\/h3>\n\n\n\n<ul><li><strong>Televisie<\/strong><\/li><li>Airconditioning<\/li><li>Douche, WC niet gescheiden, aangepast voor PBM;<\/li><li>Spoelbak<\/li><li>Servies &amp; bestek<\/li><li>4-pits gaskookplaat, koelkast met vriesvak, elektrisch koffiezetapparaat, magnetron<\/li><li>Verhoogd houten terras + dekzeil + <strong>oprit<\/strong> \/ tuinmeubilair;<\/li><\/ul>\n\n\n\n<p><em>Dekens en kussens aanwezig;<\/em><\/p>\n<\/div>\n\n\n\n<div class=\"wp-block-column\">\n<h2 id=\"les-tarifs-du-mobil-home-helios\">Prijzen voor de stacaravan H\u00e9lios<\/h2>\n\n\n\n<ctv-availability data-product-id=\"149439\" data-background-color=\"#FFFFFFFF\" ><\/ctv-availability>\n<\/div>\n<\/div>\n<\/div><\/section>\n","protected":false},"featured_media":4591,"template":"","meta":[],"cat-type":[64],"acf":[],"_links":{"self":[{"href":"https:\/\/www.lacroixdusud.fr\/nl\/wp-json\/wp\/v2\/locations\/5040"}],"collection":[{"href":"https:\/\/www.lacroixdusud.fr\/nl\/wp-json\/wp\/v2\/locations"}],"about":[{"href":"https:\/\/www.lacroixdusud.fr\/nl\/wp-json\/wp\/v2\/types\/locations"}],"version-history":[{"count":4,"href":"https:\/\/www.lacroixdusud.fr\/nl\/wp-json\/wp\/v2\/locations\/5040\/revisions"}],"predecessor-version":[{"id":7767,"href":"https:\/\/www.lacroixdusud.fr\/nl\/wp-json\/wp\/v2\/locations\/5040\/revisions\/7767"}],"wp:featuredmedia":[{"embeddable":true,"href":"https:\/\/www.lacroixdusud.fr\/nl\/wp-json\/wp\/v2\/media\/4591"}],"wp:attachment":[{"href":"https:\/\/www.lacroixdusud.fr\/nl\/wp-json\/wp\/v2\/media?parent=5040"}],"wp:term":[{"taxonomy":"cat-type","embeddable":true,"href":"https:\/\/www.lacroixdusud.fr\/nl\/wp-json\/wp\/v2\/cat-type?post=5040"}],"curies":[{"name":"wp","href":"https:\/\/api.w.org\/{rel}","templated":true}]}}