{"id":4389,"date":"2023-12-06T11:39:42","date_gmt":"2023-12-06T10:39:42","guid":{"rendered":"https:\/\/www.lacroixdusud.fr\/toerisme-pyrenees-orientales\/"},"modified":"2023-12-06T15:39:15","modified_gmt":"2023-12-06T14:39:15","slug":"toerisme-pyrenees-orientales","status":"publish","type":"page","link":"https:\/\/www.lacroixdusud.fr\/nl\/toerisme-pyrenees-orientales\/","title":{"rendered":". In de buurt"},"content":{"rendered":"\n<section class=\"wp-container-69f0c8a8d204e wp-block-group a-00-a\"><div class=\"wp-block-group__inner-container\">\n<div class=\"wp-block-cover alignfull\"><span aria-hidden=\"true\" class=\"has-font-dark-background-color has-background-dim-30 wp-block-cover__gradient-background has-background-dim\"><\/span><img loading=\"lazy\" width=\"1920\" height=\"1280\" class=\"wp-block-cover__image-background wp-image-1092\" alt=\"\" src=\"https:\/\/www.lacroixdusud.fr\/wp-content\/uploads\/2022\/07\/antoine-demare-wM9iR8b2erE-unsplash.jpg\" style=\"object-position:48% 33%\" data-object-fit=\"cover\" data-object-position=\"48% 33%\" srcset=\"https:\/\/www.lacroixdusud.fr\/wp-content\/uploads\/2022\/07\/antoine-demare-wM9iR8b2erE-unsplash.jpg 1920w, https:\/\/www.lacroixdusud.fr\/wp-content\/uploads\/2022\/07\/antoine-demare-wM9iR8b2erE-unsplash-300x200.jpg 300w, https:\/\/www.lacroixdusud.fr\/wp-content\/uploads\/2022\/07\/antoine-demare-wM9iR8b2erE-unsplash-1024x683.jpg 1024w, https:\/\/www.lacroixdusud.fr\/wp-content\/uploads\/2022\/07\/antoine-demare-wM9iR8b2erE-unsplash-768x512.jpg 768w, https:\/\/www.lacroixdusud.fr\/wp-content\/uploads\/2022\/07\/antoine-demare-wM9iR8b2erE-unsplash-1536x1024.jpg 1536w\" sizes=\"(max-width: 1920px) 100vw, 1920px\" \/><div class=\"wp-block-cover__inner-container\">\n<h1 class=\"has-text-align-center has-white-color has-text-color\" id=\"sejourner-au-camping-a-port-barcares-et-visiter-la-region\">Verblijf op een camping in Port Barcares en bezoek de regio<\/h1>\n<\/div><\/div>\n\n\n\n<div class=\"wp-container-69f0c8a8d1bde wp-block-group intro\"><div class=\"wp-block-group__inner-container\">\n<h2 class=\"has-text-align-left\" id=\"decouvrir-les-alentours-de-votre-camping-en-pyrenees-orientales\">Ontdek de omgeving van uw camping in Pyr\u00e9n\u00e9es-Orientales<\/h2>\n\n\n\n<p>Wat je ook wilt doen tijdens je volgende <strong>kampeervakantie in de Languedoc Roussillon<\/strong>, La Croix du Sud **** kan je helpen de vele attracties te ontdekken!<\/p>\n<\/div><\/div>\n<\/div><\/section>\n\n\n\n<section class=\"wp-container-69f0c8a8d2c1c wp-block-group b-00-b\"><div class=\"wp-block-group__inner-container\">\n<div class=\"wp-block-columns\">\n<div class=\"wp-block-column\">\n<figure class=\"wp-block-gallery has-nested-images columns-default is-cropped fleur-top-right\">\n<figure class=\"wp-block-image size-full\"><img loading=\"lazy\" width=\"640\" height=\"457\" src=\"https:\/\/www.lacroixdusud.fr\/wp-content\/uploads\/2022\/07\/fete-vent.jpg\" alt=\"camping Pyr\u00e9n\u00e9es orientales nautiques\" class=\"wp-image-1292\" srcset=\"https:\/\/www.lacroixdusud.fr\/wp-content\/uploads\/2022\/07\/fete-vent.jpg 640w, https:\/\/www.lacroixdusud.fr\/wp-content\/uploads\/2022\/07\/fete-vent-300x214.jpg 300w\" sizes=\"(max-width: 640px) 100vw, 640px\" \/><\/figure>\n\n\n\n<figure class=\"wp-block-image size-full\"><img loading=\"lazy\" width=\"640\" height=\"427\" src=\"https:\/\/www.lacroixdusud.fr\/wp-content\/uploads\/2022\/07\/paysage-pyrenees-orientales.jpg\" alt=\"camping Pyr\u00e9n\u00e9es orientales \" class=\"wp-image-1116\" srcset=\"https:\/\/www.lacroixdusud.fr\/wp-content\/uploads\/2022\/07\/paysage-pyrenees-orientales.jpg 640w, https:\/\/www.lacroixdusud.fr\/wp-content\/uploads\/2022\/07\/paysage-pyrenees-orientales-300x200.jpg 300w\" sizes=\"(max-width: 640px) 100vw, 640px\" \/><\/figure>\n<\/figure>\n<\/div>\n\n\n\n<div class=\"wp-block-column\">\n<h3 class=\"has-bleu-color has-text-color\" id=\"activites-a-proximite-du-camping-a-barcares\">Activiteiten in de buurt van camping Barcares<\/h3>\n\n\n\n<p>U hoeft niet ver te gaan vanaf uw camping in Barcares om een scala aan activiteiten te vinden waar u met familie en vrienden van kunt genieten.<\/p>\n\n\n\n<ul class=\"col-2\"><li>Het gele treintje in Villefranche de Conflent<\/li><li>Leucate aventure: boomklimmen<\/li><li>San Thomas warmwaterbaden<\/li><li>De granaatfabriek<\/li><li>Duikcentrum: de octopus<\/li><li>Wakeboardschool: wake 66<\/li><li>Windsurfen, catamaran, rechtop staan, peddelen: UCPA<\/li><li>Waterski\u00ebn: Waterski\u00ebn<\/li><li>Paardrijden: de kolonie<\/li><li>Klimpark: Leucate Aventures<\/li><li>Bioscoop: filmklap bij Leucate<\/li><li>Geniet van de stranden van Barcar\u00e8s of de stranden bij Perpignan<\/li><\/ul>\n\n\n\n<div class=\"wp-container-69f0c8a8d26ba wp-block-buttons\">\n<div class=\"wp-block-button btn_resa\"><a class=\"wp-block-button__link\">Boek<\/a><\/div>\n\n\n\n<div class=\"wp-block-button\"><a class=\"wp-block-button__link\" href=\"https:\/\/www.lacroixdusud.fr\/nl\/mobil-homes-barcares\/\">Ontdek onze stacaravans<\/a><\/div>\n<\/div>\n<\/div>\n<\/div>\n<\/div><\/section>\n\n\n\n<div style=\"height:50px\" aria-hidden=\"true\" class=\"wp-block-spacer\"><\/div>\n\n\n\n<section class=\"wp-container-69f0c8a8d33f6 wp-block-group b-25-b\"><div class=\"wp-block-group__inner-container\">\n<div class=\"wp-block-columns\">\n<div class=\"wp-block-column\">\n<h2 id=\"visiter-la-region-et-decouvrir-les-atouts-des-pyrenees-orientales\">Bezoek de regio en ontdek de troeven van de Pyr\u00e9n\u00e9es-Orientales<\/h2>\n\n\n\n<h3 id=\"l-art-de-la-vigne-en-region-languedoc-roussillon\">De kunst van de wijnbouw in de regio Languedoc-Roussillon<\/h3>\n\n\n\n<p>Van de rechteroever van de Rh\u00f4ne tot de <strong>Pyr\u00e9n\u00e9es-Orientales<\/strong> is dit een van de oudste en grootste wijngaarden van Frankrijk, met een oppervlakte van bijna 300.000 hectare. De kunst van de wijnbouw wordt al sinds mensenheugenis beoefend in Languedoc-Roussillon en is door de eeuwen heen ge\u00ebvolueerd om verfijnde wijnen aan te bieden in de oostelijke Pyrenee\u00ebn, zowel fruitige als volle wijnen. Wijn in Languedoc Roussillon is veel meer dan een lokale activiteit, het is een passie, een traditie en een integraal onderdeel van de geschiedenis van het land.<\/p>\n\n\n\n<h4 id=\"caves-et-vignobles\">Kelders en wijngaarden<\/h4>\n\n\n\n<ul><li><strong><a href=\"https:\/\/www.lacroixdusud.fr\/nl\/domaine-de-la-vigne-barbe\/\" data-type=\"page\" data-id=\"711\">Domaine La Vigne Barb\u00e9<\/a><\/strong><\/li><\/ul>\n<\/div>\n\n\n\n<div class=\"wp-block-column\">\n<figure class=\"wp-block-image size-large coquillage2-bottom-left\"><img loading=\"lazy\" width=\"1024\" height=\"631\" src=\"https:\/\/www.lacroixdusud.fr\/wp-content\/uploads\/2022\/07\/vigne02-1024x631.jpg\" alt=\"camping Pyr\u00e9n\u00e9es orientales wijngaarden\" class=\"wp-image-1222\" srcset=\"https:\/\/www.lacroixdusud.fr\/wp-content\/uploads\/2022\/07\/vigne02-1024x631.jpg 1024w, https:\/\/www.lacroixdusud.fr\/wp-content\/uploads\/2022\/07\/vigne02-300x185.jpg 300w, https:\/\/www.lacroixdusud.fr\/wp-content\/uploads\/2022\/07\/vigne02-768x474.jpg 768w, https:\/\/www.lacroixdusud.fr\/wp-content\/uploads\/2022\/07\/vigne02-1536x947.jpg 1536w, https:\/\/www.lacroixdusud.fr\/wp-content\/uploads\/2022\/07\/vigne02.jpg 1920w\" sizes=\"(max-width: 1024px) 100vw, 1024px\" \/><\/figure>\n<\/div>\n<\/div>\n<\/div><\/section>\n\n\n\n<section class=\"wp-container-69f0c8a8d3f50 wp-block-group b-15-b\"><div class=\"wp-block-group__inner-container\">\n<div class=\"wp-block-columns are-vertically-aligned-center reverse-mob\">\n<div class=\"wp-block-column is-vertically-aligned-center\">\n<figure class=\"wp-block-gallery has-nested-images columns-1 is-cropped papito-gauche\">\n<figure class=\"wp-block-image size-large\"><img loading=\"lazy\" width=\"1024\" height=\"683\" src=\"https:\/\/www.lacroixdusud.fr\/wp-content\/uploads\/2022\/07\/coilloure01-1024x683.jpg\" alt=\"camping Pyr\u00e9n\u00e9es orientales \" class=\"wp-image-1383\" srcset=\"https:\/\/www.lacroixdusud.fr\/wp-content\/uploads\/2022\/07\/coilloure01-1024x683.jpg 1024w, https:\/\/www.lacroixdusud.fr\/wp-content\/uploads\/2022\/07\/coilloure01-300x200.jpg 300w, https:\/\/www.lacroixdusud.fr\/wp-content\/uploads\/2022\/07\/coilloure01-768x512.jpg 768w, https:\/\/www.lacroixdusud.fr\/wp-content\/uploads\/2022\/07\/coilloure01-1536x1024.jpg 1536w, https:\/\/www.lacroixdusud.fr\/wp-content\/uploads\/2022\/07\/coilloure01.jpg 1920w\" sizes=\"(max-width: 1024px) 100vw, 1024px\" \/><\/figure>\n\n\n\n<figure class=\"wp-block-image size-large\"><img loading=\"lazy\" width=\"1024\" height=\"682\" src=\"https:\/\/www.lacroixdusud.fr\/wp-content\/uploads\/2022\/07\/Cour_du_Campo_Santo-1024x682.jpg\" alt=\"Ontdek de oostelijke Pyrenee\u00ebn  \" class=\"wp-image-1370\" srcset=\"https:\/\/www.lacroixdusud.fr\/wp-content\/uploads\/2022\/07\/Cour_du_Campo_Santo-1024x682.jpg 1024w, https:\/\/www.lacroixdusud.fr\/wp-content\/uploads\/2022\/07\/Cour_du_Campo_Santo-300x200.jpg 300w, https:\/\/www.lacroixdusud.fr\/wp-content\/uploads\/2022\/07\/Cour_du_Campo_Santo-768x512.jpg 768w, https:\/\/www.lacroixdusud.fr\/wp-content\/uploads\/2022\/07\/Cour_du_Campo_Santo.jpg 1280w\" sizes=\"(max-width: 1024px) 100vw, 1024px\" \/><\/figure>\n<\/figure>\n<\/div>\n\n\n\n<div class=\"wp-block-column is-vertically-aligned-center\">\n<h2 id=\"le-patrimoine-culturel-et-historique-du-pays-catalan\">Het culturele en historische erfgoed van de Catalaanse regio<\/h2>\n\n\n\n<p>De Franse Catalaanse regio werd in 1659 bij Frankrijk gevoegd en heeft dankzij haar geschiedenis een dubbele cultuur behouden.<\/p>\n\n\n\n<p>De eeuwenlange oorlogen die woedden over het eigendom van dit gebied en het rijke verleden maken dit land cultureel rijk. Er zijn veel kunstwerken, kunstobjecten en gebouwen, en het erfgoed is bewaard gebleven. Op minder dan 30 minuten van Le Barcar\u00e8s en de camping Croix du Sud biedt Perpignan la catalane een mooi staaltje van deze geschiedenis en dit erfgoed.<\/p>\n\n\n\n<div class=\"wp-container-69f0c8a8d3bf4 wp-block-buttons\">\n<div class=\"wp-block-button\"><a class=\"wp-block-button__link\" href=\"https:\/\/www.mairie-perpignan.fr\/\" target=\"_blank\" rel=\"noreferrer noopener\">Offici\u00eble website van de stad Perpignan<\/a><\/div>\n\n\n\n<div class=\"wp-block-button btn_resa\"><a class=\"wp-block-button__link\">Boek<\/a><\/div>\n<\/div>\n<\/div>\n<\/div>\n<\/div><\/section>\n\n\n\n<section class=\"wp-container-69f0c8a8d4365 wp-block-group seo\"><div class=\"wp-block-group__inner-container\">\n<div class=\"wp-block-columns\">\n<div class=\"wp-block-column\">\n<h3 class=\"titre\" id=\"chateaux-fortifications-et-musees-incontournables-dans-la-region\">Kastelen, vestingwerken en musea die u niet mag missen in de regio<\/h3>\n\n\n\n<p>Tijdens een <strong>verblijf op een camping in de Pyr\u00e9n\u00e9es-Orientales<\/strong> kunnen vakantiegangers een reis door de eeuwen maken en tal van monumenten bezoeken die de moeite waard zijn. Ontdek de kastelen van de Pyr\u00e9n\u00e9es Orientales, waarvan er ongeveer vijftien zijn in het departement.  <\/p>\n\n\n\n<ul><li>Fort van Salses<\/li><li><strong>Kapel van Notre Dame des Anges<\/strong><\/li><li><strong>Prehistorisch museum Tautavel<\/strong><\/li><li><strong>Kasteel van Belesta &#8211; Museum<\/strong><\/li><li><strong>Paleis van de koningen van Mallorca in Perpignan<\/strong><\/li><li><strong>Klooster van Elne<\/strong><\/li><li><strong>De versterkte middeleeuwse stad Carcassonne<\/strong><\/li><\/ul>\n<\/div>\n\n\n\n<div class=\"wp-block-column\">\n<figure class=\"wp-block-image size-large\"><img loading=\"lazy\" width=\"1024\" height=\"683\" src=\"https:\/\/www.lacroixdusud.fr\/wp-content\/uploads\/2022\/07\/carcassonne1-1024x683.jpg\" alt=\"camping Pyr\u00e9n\u00e9es orientales kastelen\" class=\"wp-image-1133\" srcset=\"https:\/\/www.lacroixdusud.fr\/wp-content\/uploads\/2022\/07\/carcassonne1-1024x683.jpg 1024w, https:\/\/www.lacroixdusud.fr\/wp-content\/uploads\/2022\/07\/carcassonne1-300x200.jpg 300w, https:\/\/www.lacroixdusud.fr\/wp-content\/uploads\/2022\/07\/carcassonne1-768x512.jpg 768w, https:\/\/www.lacroixdusud.fr\/wp-content\/uploads\/2022\/07\/carcassonne1-1536x1024.jpg 1536w, https:\/\/www.lacroixdusud.fr\/wp-content\/uploads\/2022\/07\/carcassonne1.jpg 1920w\" sizes=\"(max-width: 1024px) 100vw, 1024px\" \/><\/figure>\n<\/div>\n<\/div>\n<\/div><\/section>\n\n\n\n<section class=\"wp-container-69f0c8a8d4c5b wp-block-group b-10-a\"><div class=\"wp-block-group__inner-container\">\n<div class=\"wp-block-columns reverse-mob\">\n<div class=\"wp-block-column\">\n<figure class=\"wp-block-gallery has-nested-images columns-default is-cropped diaporama-mob\">\n<figure class=\"wp-block-image size-full\"><img loading=\"lazy\" width=\"640\" height=\"800\" src=\"https:\/\/www.lacroixdusud.fr\/wp-content\/uploads\/2022\/07\/canigou.jpg\" alt=\"camping Pyr\u00e9n\u00e9es orientales \" class=\"wp-image-1141\" srcset=\"https:\/\/www.lacroixdusud.fr\/wp-content\/uploads\/2022\/07\/canigou.jpg 640w, https:\/\/www.lacroixdusud.fr\/wp-content\/uploads\/2022\/07\/canigou-240x300.jpg 240w\" sizes=\"(max-width: 640px) 100vw, 640px\" \/><\/figure>\n\n\n\n<figure class=\"wp-block-image size-full\"><img loading=\"lazy\" width=\"640\" height=\"960\" src=\"https:\/\/www.lacroixdusud.fr\/wp-content\/uploads\/2022\/07\/cote-vermeil.jpg\" alt=\"camping Pyr\u00e9n\u00e9es orientales \" class=\"wp-image-1144\" srcset=\"https:\/\/www.lacroixdusud.fr\/wp-content\/uploads\/2022\/07\/cote-vermeil.jpg 640w, https:\/\/www.lacroixdusud.fr\/wp-content\/uploads\/2022\/07\/cote-vermeil-200x300.jpg 200w\" sizes=\"(max-width: 640px) 100vw, 640px\" \/><\/figure>\n\n\n\n<figure class=\"wp-block-image size-full\"><img loading=\"lazy\" width=\"640\" height=\"960\" src=\"https:\/\/www.lacroixdusud.fr\/wp-content\/uploads\/2022\/07\/patrimoine.jpg\" alt=\"camping Pyr\u00e9n\u00e9es orientales \" class=\"wp-image-1147\" srcset=\"https:\/\/www.lacroixdusud.fr\/wp-content\/uploads\/2022\/07\/patrimoine.jpg 640w, https:\/\/www.lacroixdusud.fr\/wp-content\/uploads\/2022\/07\/patrimoine-200x300.jpg 200w\" sizes=\"(max-width: 640px) 100vw, 640px\" \/><\/figure>\n<\/figure>\n<\/div>\n\n\n\n<div class=\"wp-block-column\">\n<h2 id=\"visiter-le-pays-catalan-dans-le-languedoc-roussillon\">Een bezoek aan de Catalaanse regio in Languedoc Roussillon<\/h2>\n\n\n\n<p>Gebruik voor je culturele bezoeken de slimme gids voor erfgoed in Cataloni\u00eb: met de &#8220;Pass Inter-Sites&#8221; profiteer je van gereduceerde tarieven.<\/p>\n\n\n\n<h3 id=\"la-cote-vermeille\">De kust van Vermeille<\/h3>\n\n\n\n<p>Als je de C\u00f4te Vermeille verkent, kun je een aantal uitzonderlijke plekken ontdekken die zowel geschiedenisfanaten als liefhebbers van het buitenleven zullen bekoren.<\/p>\n\n\n\n<div class=\"wp-block-group lire-plus-mobile\"><div class=\"wp-block-group__inner-container\">\n<p>Meer lezen<\/p>\n\n\n\n<div class=\"wp-container-69f0c8a8d4911 wp-block-group\"><div class=\"wp-block-group__inner-container\">\n<h3 id=\"de-couilloure-a-ceret\">Van Couilloure naar C\u00e9ret<\/h3>\n\n\n\n<p>Rotsachtige baaien met turquoise water, een vissershaven en wijngaarden op de heuvels, de C\u00f4te Vermeille is een wilde kustlijn die ten zuiden van Argel\u00e8s begint en zich helemaal uitstrekt tot aan de Spaanse kust bij Port-Bou. Dit dorre land geeft aanleiding tot fijne, karakteristieke wijnen zoals Collioure en Banyuls. De kust van Vermeille, een prachtig ontmoetingspunt tussen de Middellandse Zee en de bergen van de Pyrenee\u00ebn, heeft haar schoonheid en landschappen intact weten te houden.<\/p>\n\n\n\n<h3 id=\"les-villes-et-villages-sur-la-cote-mediterraneenne\">Steden en dorpen aan de Middellandse Zeekust<\/h3>\n\n\n\n<p>Perpignan, Canet en Roussillon, Collioure, Salses-Le-Ch\u00e2teau, Saint Cyprien, vakantiegangers die de charmante badplaatsen van de Pyr\u00e9n\u00e9es-Orientales willen ontdekken, komen niets tekort tijdens hun <strong>verblijf op camping \u00e0 Barcar\u00e8s<\/strong>. Ontdek de mooiste dorpen in de Pyr\u00e9n\u00e9es Orientales.<\/p>\n<\/div><\/div>\n<\/div><\/div>\n<\/div>\n<\/div>\n<\/div><\/section>\n\n\n\n<section class=\"wp-container-69f0c8a8d5802 wp-block-group b-05-a\"><div class=\"wp-block-group__inner-container\">\n<div class=\"wp-block-columns\">\n<div class=\"wp-block-column\">\n<h2 id=\"sites-naturels-des-pyrenees-orientales\">Natuurgebieden in de oostelijke Pyrenee\u00ebn<\/h2>\n\n\n\n<h3 id=\"randonner-au-canigou\">Wandelen bij Canigou<\/h3>\n\n\n\n<p>Canigou ligt in het hart van het Parc Naturel R\u00e9gional des Pyr\u00e9n\u00e9es Catalanes en bereikt een hoogte van 2700 meter. Het scheidt de hooglanden van de vlakte van de Roussillon. Er zijn veel routes voor wandelaars: wandelen, mountainbiken, paardrijden, de werelderfgoedgebouwen van Vauban ontdekken en lokale producten proeven.<\/p>\n\n\n\n<h3 id=\"les-lacs-de-bouillouses\">De Bouillouses meren<\/h3>\n\n\n\n<p>De Bouillouse meren in de oostelijke Pyrenee\u00ebn zijn een majestueuze verzameling van 27 meren en vijvers, elk met een uitzonderlijke biodiversiteit. Dit natuurreservaat heeft een uitzonderlijke flora en fauna.<\/p>\n\n\n\n<h3 id=\"la-reserve-marine-de-cerbere-banyuls\">Zeereservaat Cerbere &#8211; Banyuls<\/h3>\n\n\n\n<p>Het zeereservaat, het eerste Franse natuurreservaat dat in 1974 werd opgericht, beschermt de zeebodem van de Middellandse Zee. Het is de thuisbasis van een uitzonderlijke mariene biodiversiteit, die wetenschappelijk onderzoek en duiken in een ongerept ecosysteem aanmoedigt.  <\/p>\n\n\n\n<div class=\"wp-block-group lire-plus-mobile\"><div class=\"wp-block-group__inner-container\">\n<p>Meer lezen<\/p>\n\n\n\n<div class=\"wp-container-69f0c8a8d5101 wp-block-group\"><div class=\"wp-block-group__inner-container\">\n<h3 id=\"le-site-des-dosses\">De site van Dosses<\/h3>\n\n\n\n<p>Aan de oevers van het Etang de Salses, een natuurgebied met bijna 200 plantensoorten en 50 vogelsoorten. Ontdek de rijke biodiversiteit van de mediterrane lagunes in het natuurreservaat Dosses.<\/p>\n\n\n\n<h3 id=\"le-lac-de-raho\">Rahomeer<\/h3>\n\n\n\n<p>Zwemmen onder toezicht, mountainbiken en paardrijden. Gemakkelijke toegang voor mensen met beperkte mobiliteit.<\/p>\n<\/div><\/div>\n<\/div><\/div>\n\n\n\n<div class=\"wp-container-69f0c8a8d546c wp-block-buttons\">\n<div class=\"wp-block-button\"><a class=\"wp-block-button__link\" href=\"https:\/\/www.lacroixdusud.fr\/nl\/activiteiten\/\">Activiteiten op de camping<\/a><\/div>\n<\/div>\n<\/div>\n\n\n\n<div class=\"wp-block-column\">\n<figure class=\"wp-block-image size-full feuille-top-right\"><img loading=\"lazy\" width=\"640\" height=\"800\" src=\"https:\/\/www.lacroixdusud.fr\/wp-content\/uploads\/2022\/07\/jacques-dillies-w1o_TW5RFoY-unsplash.jpg\" alt=\"camping Pyr\u00e9n\u00e9es orientales \" class=\"wp-image-1387\" srcset=\"https:\/\/www.lacroixdusud.fr\/wp-content\/uploads\/2022\/07\/jacques-dillies-w1o_TW5RFoY-unsplash.jpg 640w, https:\/\/www.lacroixdusud.fr\/wp-content\/uploads\/2022\/07\/jacques-dillies-w1o_TW5RFoY-unsplash-240x300.jpg 240w\" sizes=\"(max-width: 640px) 100vw, 640px\" \/><\/figure>\n<\/div>\n<\/div>\n<\/div><\/section>\n\n\n\n<section class=\"wp-container-69f0c8a8d5f3c wp-block-group seo\"><div class=\"wp-block-group__inner-container\">\n<div class=\"wp-block-columns reverse-mob\">\n<div class=\"wp-block-column\">\n<figure class=\"wp-block-image size-large\"><img loading=\"lazy\" width=\"1024\" height=\"682\" src=\"https:\/\/www.lacroixdusud.fr\/wp-content\/uploads\/2022\/07\/barcares-1024x682.jpg\" alt=\"camping Pyr\u00e9n\u00e9es orientales barcares\" class=\"wp-image-1254\" srcset=\"https:\/\/www.lacroixdusud.fr\/wp-content\/uploads\/2022\/07\/barcares-1024x682.jpg 1024w, https:\/\/www.lacroixdusud.fr\/wp-content\/uploads\/2022\/07\/barcares-300x200.jpg 300w, https:\/\/www.lacroixdusud.fr\/wp-content\/uploads\/2022\/07\/barcares-768x511.jpg 768w, https:\/\/www.lacroixdusud.fr\/wp-content\/uploads\/2022\/07\/barcares-1536x1022.jpg 1536w, https:\/\/www.lacroixdusud.fr\/wp-content\/uploads\/2022\/07\/barcares.jpg 1920w\" sizes=\"(max-width: 1024px) 100vw, 1024px\" \/><\/figure>\n<\/div>\n\n\n\n<div class=\"wp-block-column\">\n<h2 id=\"sejour-au-camping-pyrenees-orientales-4-etoiles-nos-idees-de-sorties\">4 sterren campingvakantie in de Pyrenee\u00ebn: onze idee\u00ebn voor uitstapjes<\/h2>\n\n\n\n<ul><li><strong>Canal du Midi <\/strong>&#8211; De Fonserane sluizen, De Malpas tunnel<\/li><li><strong>Het Afrikaanse reservaat Sigean<\/strong> (365 dagen per jaar geopend vanaf 9 uur)<\/li><li>Geniet van het D\u00e9ferlantes festival in Barcar\u00e8s, een muziekevenement dat elk jaar halverwege juli wordt gehouden. Ontdek beroemde artiesten en een enthousiaste menigte op de stranden van de Middellandse Zee.<\/li><\/ul>\n\n\n\n<div style=\"height:50px\" aria-hidden=\"true\" class=\"wp-block-spacer\"><\/div>\n\n\n\n<div class=\"wp-container-69f0c8a8d5c0b wp-block-buttons\">\n<div class=\"wp-block-button btn_resa\"><a class=\"wp-block-button__link\">Mijn verblijf boeken<\/a><\/div>\n<\/div>\n<\/div>\n<\/div>\n<\/div><\/section>\n","protected":false},"excerpt":{"rendered":"<p>Ontdek de omgeving van uw camping in Pyr\u00e9n\u00e9es-Orientales Wat je ook wilt doen tijdens je volgende kampeervakantie in de Languedoc Roussillon, La Croix du Sud **** kan je helpen de vele attracties te ontdekken! Activiteiten in de buurt van camping Barcares U hoeft niet ver te gaan vanaf uw camping in Barcares om een scala [&hellip;]<\/p>\n","protected":false},"author":1,"featured_media":6036,"parent":0,"menu_order":0,"comment_status":"closed","ping_status":"closed","template":"","meta":[],"acf":[],"_links":{"self":[{"href":"https:\/\/www.lacroixdusud.fr\/nl\/wp-json\/wp\/v2\/pages\/4389"}],"collection":[{"href":"https:\/\/www.lacroixdusud.fr\/nl\/wp-json\/wp\/v2\/pages"}],"about":[{"href":"https:\/\/www.lacroixdusud.fr\/nl\/wp-json\/wp\/v2\/types\/page"}],"author":[{"embeddable":true,"href":"https:\/\/www.lacroixdusud.fr\/nl\/wp-json\/wp\/v2\/users\/1"}],"replies":[{"embeddable":true,"href":"https:\/\/www.lacroixdusud.fr\/nl\/wp-json\/wp\/v2\/comments?post=4389"}],"version-history":[{"count":4,"href":"https:\/\/www.lacroixdusud.fr\/nl\/wp-json\/wp\/v2\/pages\/4389\/revisions"}],"predecessor-version":[{"id":5071,"href":"https:\/\/www.lacroixdusud.fr\/nl\/wp-json\/wp\/v2\/pages\/4389\/revisions\/5071"}],"wp:featuredmedia":[{"embeddable":true,"href":"https:\/\/www.lacroixdusud.fr\/nl\/wp-json\/wp\/v2\/media\/6036"}],"wp:attachment":[{"href":"https:\/\/www.lacroixdusud.fr\/nl\/wp-json\/wp\/v2\/media?parent=4389"}],"curies":[{"name":"wp","href":"https:\/\/api.w.org\/{rel}","templated":true}]}}